{"id":2876,"date":"2023-05-03T17:04:38","date_gmt":"2023-05-03T17:04:38","guid":{"rendered":"https:\/\/wecareforwacares.org\/acerca-de-wa-cares\/"},"modified":"2023-10-02T15:24:16","modified_gmt":"2023-10-02T15:24:16","slug":"about-wa-cares","status":"publish","type":"page","link":"https:\/\/wecareforwacares.org\/es\/about-wa-cares\/","title":{"rendered":"Acerca de WA Cares"},"content":{"rendered":"\n<div class=\"wp-block-cover alignfull is-light wp-duotone-unset-1\" style=\"min-height:50vh;aspect-ratio:unset;\"><span aria-hidden=\"true\" class=\"wp-block-cover__background has-background-dim-0 has-background-dim\"><\/span><img loading=\"lazy\" decoding=\"async\" width=\"2560\" height=\"1707\" class=\"wp-block-cover__image-background wp-image-2345\" alt=\"A male-presenting person with light-brown skin holds crutches and sits on a doctor's table. He knows about WA Cares and that it will help him pay for his care.\" src=\"https:\/\/wecareforwacares.org\/wp-content\/uploads\/2023\/05\/WA-Cares-person-with-crutches-learns-about-wa-cares-and-long-term-care-coverage-scaled.jpeg\" style=\"object-position:52% 17%\" data-object-fit=\"cover\" data-object-position=\"52% 17%\" srcset=\"https:\/\/wecareforwacares.org\/wp-content\/uploads\/2023\/05\/WA-Cares-person-with-crutches-learns-about-wa-cares-and-long-term-care-coverage-scaled.jpeg 2560w, https:\/\/wecareforwacares.org\/wp-content\/uploads\/2023\/05\/WA-Cares-person-with-crutches-learns-about-wa-cares-and-long-term-care-coverage-300x200.jpeg 300w, https:\/\/wecareforwacares.org\/wp-content\/uploads\/2023\/05\/WA-Cares-person-with-crutches-learns-about-wa-cares-and-long-term-care-coverage-1024x683.jpeg 1024w, https:\/\/wecareforwacares.org\/wp-content\/uploads\/2023\/05\/WA-Cares-person-with-crutches-learns-about-wa-cares-and-long-term-care-coverage-768x512.jpeg 768w, https:\/\/wecareforwacares.org\/wp-content\/uploads\/2023\/05\/WA-Cares-person-with-crutches-learns-about-wa-cares-and-long-term-care-coverage-1536x1024.jpeg 1536w, https:\/\/wecareforwacares.org\/wp-content\/uploads\/2023\/05\/WA-Cares-person-with-crutches-learns-about-wa-cares-and-long-term-care-coverage-2048x1365.jpeg 2048w, https:\/\/wecareforwacares.org\/wp-content\/uploads\/2023\/05\/WA-Cares-person-with-crutches-learns-about-wa-cares-and-long-term-care-coverage-930x620.jpeg 930w\" sizes=\"auto, (max-width: 2560px) 100vw, 2560px\" \/><div class=\"wp-block-cover__inner-container is-layout-flow wp-block-cover-is-layout-flow\">\n<p class=\"has-text-align-center has-large-font-size\"><\/p>\n<\/div><\/div>\n\n\n\n<div class=\"wp-block-group alignfull has-nv-site-bg-color has-neve-link-color-background-color has-text-color has-background is-layout-constrained wp-block-group-is-layout-constrained\" style=\"padding-top:var(--wp--preset--spacing--50);padding-bottom:var(--wp--preset--spacing--60)\">\n<div class=\"wp-block-columns alignwide is-layout-flex wp-container-core-columns-is-layout-28f84493 wp-block-columns-is-layout-flex\">\n<div class=\"wp-block-column is-vertically-aligned-center is-layout-flow wp-block-column-is-layout-flow\" style=\"flex-basis:50%\">\n<h1 class=\"wp-block-heading has-text-align-center has-nv-text-dark-bg-color has-text-color\">Acerca de WA Cares: <\/h1>\n\n\n\n<h2 class=\"wp-block-heading has-text-align-center red-splash-btm\">Un beneficio accesible de cuidado y atenci\u00f3n domiciliaria a largo plazo para los trabajadores de Washington<\/h2>\n<\/div>\n\n\n\n<div class=\"wp-block-column is-vertically-aligned-center is-layout-flow wp-block-column-is-layout-flow\" style=\"flex-basis:50%\">\n<p class=\"has-nv-text-dark-bg-color has-text-color\">Nadie tiene previsto necesitar cuidado y atenci\u00f3n a largo plazo; pero en alg\u00fan momento de nuestras vidas, el 70% de los habitantes de Washington la necesitaremos. Antes de que eso ocurra, hay algunos aspectos que deber\u00eda saber acerca de WA Cares para ayudarle a recibir atenci\u00f3n domiciliaria.<\/p>\n\n\n\n<p class=\"has-nv-text-dark-bg-color has-text-color\">Lo que quiz\u00e1 no sepa sobre WA Cares es que cubre los gastos para cosas como el equipo m\u00e9dico, la atenci\u00f3n domiciliaria y el apoyo en la vida diaria. WA Cares tambi\u00e9n pagar\u00e1 a nuestros familiares para que nos ayuden a cocinar, limpiar e ir de compras.<\/p>\n\n\n\n<p class=\"has-nv-text-dark-bg-color has-text-color\">WA Cares hace posible que todos los habitantes de Washington obtengamos el cuidado y la atenci\u00f3n a largo plazo que necesitemos, cuando sea necesario.<\/p>\n<\/div>\n<\/div>\n<\/div>\n\n\n\n<div class=\"wp-block-group is-layout-constrained wp-block-group-is-layout-constrained\">\n<h3 class=\"wp-block-heading\"><strong>Acerca de WA Cares<\/strong><strong> \u2013 Costo<\/strong><\/h3>\n\n\n\n<ul class=\"wp-block-list\">\n<li>Los beneficios de WA Cares (hasta $36,500) comienzan en el 2026 y <em>aumentan <\/em>con la inflaci\u00f3n a lo largo del tiempo.<\/li>\n\n\n\n<li>Una caracter\u00edstica importante de WA Cares es que quedamos inscritos autom\u00e1ticamente. Nuestro empleador nos deducir\u00e1 un peque\u00f1o monto ($0.58 por cada $100) a partir del 1.\u00ba&nbsp;de julio del 2023.<\/li>\n\n\n\n<li>WA Cares proporciona tranquilidad a un costo muy inferior al de un seguro privado de atenci\u00f3n a largo plazo. Excluirse de WA Cares significa arriesgarse a contratar un seguro privado con cuotas elevadas y sin garant\u00edas de cobertura.<\/li>\n\n\n\n<li>La mayor\u00eda de las compa\u00f1\u00edas de seguros de salud a largo plazo aumentan sus cuotas a las mujeres. WA Cares nunca lo har\u00e1.<\/li>\n\n\n\n<li>Una caracter\u00edstica \u00fanica de WA Cares, es que el programa no aplica sanciones por dejar de pagar como consecuencia del desempleo o de una ausencia prolongada de trabajo.<\/li>\n<\/ul>\n\n\n\n<h3 class=\"wp-block-heading\"><strong>Acerca de WA Cares \u2013 Elegibilidad<\/strong><\/h3>\n\n\n\n<ul class=\"wp-block-list\">\n<li>Algo importante acerca de WA Cares es que nunca negar\u00e1 la atenci\u00f3n por afecciones preexistentes. <em>No hay excepciones.<\/em> La mayor\u00eda de las compa\u00f1\u00edas de seguros de salud privadas rechazan a las personas con afecciones preexistentes y no les proporcionan cobertura. Eso significa que millones de adultos de Washington menores de 65\u00a0a\u00f1os no tendr\u00edan a qui\u00e9n recurrir si no contaran con WA Cares.<\/li>\n\n\n\n<li>Otro aspecto que quiz\u00e1 no sepa acerca de WA Cares es que no tiene l\u00edmites de gasto diario. As\u00ed que si nuestro seguro privado o Medicare nos niegan la atenci\u00f3n, WA Cares seguir\u00e1 estando ah\u00ed para nosotros y nuestros seres queridos.<\/li>\n<\/ul>\n<\/div>\n\n\n\n<div class=\"wp-block-cover alignfull is-light\"><span aria-hidden=\"true\" class=\"wp-block-cover__background has-luminous-vivid-amber-background-color has-background-dim-0 has-background-dim\"><\/span><img loading=\"lazy\" decoding=\"async\" width=\"1024\" height=\"683\" class=\"wp-block-cover__image-background wp-image-1213\" alt=\"A Black female-presenting woman in her 50s wears glasses and puts her arm into arm braces. To her right, a light skinned female-presenting woman in her 40s supports her right arm, helping her into the brace. She is a medical aide, wearing light blue scrubs with a stethoscope around her neck. In the background is a light airy kitchen.\" src=\"https:\/\/wecareforwacares.org\/wp-content\/uploads\/2023\/05\/About-WA-Cares-Home-care-when-injured-1-1024x683.jpeg\" style=\"object-position:46% 21%\" data-object-fit=\"cover\" data-object-position=\"46% 21%\" srcset=\"https:\/\/wecareforwacares.org\/wp-content\/uploads\/2023\/05\/About-WA-Cares-Home-care-when-injured-1-1024x683.jpeg 1024w, https:\/\/wecareforwacares.org\/wp-content\/uploads\/2023\/05\/About-WA-Cares-Home-care-when-injured-1-300x200.jpeg 300w, https:\/\/wecareforwacares.org\/wp-content\/uploads\/2023\/05\/About-WA-Cares-Home-care-when-injured-1-768x512.jpeg 768w, https:\/\/wecareforwacares.org\/wp-content\/uploads\/2023\/05\/About-WA-Cares-Home-care-when-injured-1-1536x1024.jpeg 1536w, https:\/\/wecareforwacares.org\/wp-content\/uploads\/2023\/05\/About-WA-Cares-Home-care-when-injured-1-2048x1365.jpeg 2048w, https:\/\/wecareforwacares.org\/wp-content\/uploads\/2023\/05\/About-WA-Cares-Home-care-when-injured-1-930x620.jpeg 930w\" sizes=\"auto, (max-width: 1024px) 100vw, 1024px\" \/><div class=\"wp-block-cover__inner-container is-layout-flow wp-block-cover-is-layout-flow\">\n<p class=\"has-text-align-center has-large-font-size\"><\/p>\n<\/div><\/div>\n\n\n\n<div class=\"wp-block-group is-layout-constrained wp-block-group-is-layout-constrained\">\n<h3 class=\"wp-block-heading\"><strong>Acerca de WA Cares<\/strong><strong> \u2013 Flexibilidad<\/strong><\/h3>\n\n\n\n<ul class=\"wp-block-list\">\n<li>WA Cares no es \u00fanicamente para los adultos mayores. Esta es una idea err\u00f3nea que se tiene acerca de WA Cares. Actualmente, el 40&nbsp;% de quienes necesitan atenci\u00f3n a largo plazo son menores de 65&nbsp;a\u00f1os. WA Cares cubre a todos los trabajadores de Washington, sin importar nuestra edad.<\/li>\n\n\n\n<li>Pensar en dejar nuestras casas para ir a un nursing home (asilo para ancianos) u otro centro de atenci\u00f3n puede ser aterrador. La caracter\u00edstica \u00fanica de WA Cares es que nos da la opci\u00f3n de quedarnos en casa y pagarle a un familiar o a un asistente de atenci\u00f3n domiciliaria para que nos brinde atenci\u00f3n. Los seguros privados de atenci\u00f3n no siempre hacen eso.<\/li>\n\n\n\n<li>Solo contribuimos al WA Cares Fund (Fondo de WA Cares) cuando estamos trabajando; una vez que nos jubilamos, nuestros pagos terminan y nuestra cobertura contin\u00faa.<\/li>\n\n\n\n<li>WA Cares cubre tanto la atenci\u00f3n domiciliaria como las estancias en centros residenciales. Gracias a WA Cares, tenemos la opci\u00f3n de quedarnos en casa para recibir atenci\u00f3n y pagarle a un familiar o a un asistente de atenci\u00f3n a largo plazo. El seguro m\u00e9dico, el seguro de discapacidad, la compensaci\u00f3n para trabajadores y Medicare no cubren la atenci\u00f3n domiciliaria ni los nursing homes (asilos para ancianos).<\/li>\n\n\n\n<li>Washington es el primer estado del pa\u00eds en crear un beneficio p\u00fablico de cuidado y atenci\u00f3n a largo plazo. Ahora, otros estados como California y Nueva York est\u00e1n siguiendo nuestro ejemplo. De este modo se est\u00e1 preparando la portabilidad de los beneficios de WA Cares.<\/li>\n\n\n\n<li>Los nuevos cambios en las pol\u00edticas incluyen la cobertura para las personas apunto de jubilarse.<\/li>\n<\/ul>\n<\/div>\n\n\n\n<div class=\"wp-block-group alignfull is-layout-constrained wp-block-group-is-layout-constrained\">\n<h2 class=\"wp-block-heading has-text-align-center has-link-color has-large-font-size wp-elements-a8aca2880cd10273494557bac14aabe0\"><a href=\"https:\/\/wecareforwacares.org\/es\/wa-cares-fund\/\">Obtenga m\u00e1s informaci\u00f3n sobre los beneficios de WA Cares Fund y c\u00f3mo ayudan a los habitantes de Washington<\/a><\/h2>\n<\/div>\n\n\n\n<div class=\"wp-block-group alignfull dk-blue-wc-white-top has-nv-text-dark-bg-color has-nv-dark-bg-background-color has-text-color has-background has-link-color wp-elements-e4a503cd3399a00f40bf491ae6627f8f is-layout-constrained wp-block-group-is-layout-constrained\" style=\"padding-top:var(--wp--preset--spacing--50);padding-bottom:var(--wp--preset--spacing--60)\">\n<h3 class=\"wp-block-heading has-text-align-center\"><strong>Acerca de WA Cares \u2013 Cronograma de la legislaci\u00f3n<\/strong><\/h3>\n\n\n\n<div class=\"wp-block-columns alignwide are-vertically-aligned-top timeline-container is-layout-flex wp-container-core-columns-is-layout-66fad18a wp-block-columns-is-layout-flex\">\n<div class=\"wp-block-column is-vertically-aligned-top is-layout-flow wp-block-column-is-layout-flow\">\n<h4 class=\"wp-block-heading has-text-align-center timeline-year\">2019<\/h4>\n\n\n\n<p class=\"has-text-align-center timeline-marker has-nv-c-2-color has-text-color has-x-large-font-size\">\u233e<\/p>\n\n\n\n<p class=\"has-text-align-center has-link-color has-medium-font-size wp-elements-f142421d77e2a1cd70c1456b14f8cd5b\">El Governor Inslee promulga la <a href=\"https:\/\/app.leg.wa.gov\/RCW\/default.aspx?cite=50b.04\" target=\"_blank\" rel=\"noreferrer noopener\">LTSS Trust Act<\/a> (Ley de fondo de LTSS).<\/p>\n<\/div>\n\n\n\n<div class=\"wp-block-column is-vertically-aligned-top is-layout-flow wp-block-column-is-layout-flow\">\n<h4 class=\"wp-block-heading has-text-align-center timeline-year\">2022<\/h4>\n\n\n\n<p class=\"has-text-align-center timeline-marker has-nv-c-2-color has-text-color has-x-large-font-size\">\u233e<\/p>\n\n\n\n<p class=\"has-text-align-center\">La legislatura aprueba reformas para mejorar el programa y abordar las deficiencias en la cobertura.<\/p>\n<\/div>\n\n\n\n<div class=\"wp-block-column is-vertically-aligned-top is-layout-flow wp-block-column-is-layout-flow\">\n<h4 class=\"wp-block-heading has-text-align-center timeline-year\">2023<\/h4>\n\n\n\n<p class=\"has-text-align-center timeline-marker has-nv-c-2-color has-text-color has-x-large-font-size\">\u233e<\/p>\n\n\n\n<p class=\"has-text-align-center\">Julio: los trabajadores comienzan a contribuir.<\/p>\n<\/div>\n\n\n\n<div class=\"wp-block-column is-vertically-aligned-top is-layout-flow wp-block-column-is-layout-flow\">\n<h4 class=\"wp-block-heading has-text-align-center timeline-year\">2026<\/h4>\n\n\n\n<p class=\"has-text-align-center timeline-marker has-nv-c-2-color has-text-color has-x-large-font-size\">\u233e<\/p>\n\n\n\n<p class=\"has-text-align-center\">Julio: las personas que cumplan los requisitos y sean elegibles podr\u00e1n acceder a los beneficios.<\/p>\n<\/div>\n<\/div>\n<\/div>\n\n\n\n<div class=\"wp-block-group alignfull has-custom-1-background-color has-background is-layout-constrained wp-container-core-group-is-layout-0cdfb682 wp-block-group-is-layout-constrained\" style=\"padding-top:var(--wp--preset--spacing--50);padding-right:0;padding-bottom:var(--wp--preset--spacing--60);padding-left:0\">\n<div class=\"wp-block-columns is-layout-flex wp-container-core-columns-is-layout-28f84493 wp-block-columns-is-layout-flex\">\n<div class=\"wp-block-column is-vertically-aligned-center is-layout-flow wp-block-column-is-layout-flow\">\n<p>El Fondo de Wa Cares es una soluci\u00f3n estatal para proporcionarles a los trabajadores de Washington servicios accesibles de cuidado y atenci\u00f3n a largo plazo. La atenci\u00f3n es demasiado costosa o no es accesible. El WA Cares Fund es una soluci\u00f3n estatal para proporcionarles a los trabajadores de Washington atenci\u00f3n a largo plazo asequible.<\/p>\n<\/div>\n\n\n\n<div class=\"wp-block-column is-layout-flow wp-block-column-is-layout-flow\">\n<figure class=\"wp-block-image size-large img-shadow wp-duotone-unset-2\"><img loading=\"lazy\" decoding=\"async\" width=\"1024\" height=\"683\" src=\"https:\/\/wecareforwacares.org\/wp-content\/uploads\/2023\/05\/About-WA-Cares-Family-Caregivers-1-1024x683.jpeg\" alt=\"Una familia de tres miembros sonr\u00ede a la c\u00e1mara. A la izquierda, una mujer de aproximadamente 30\u00a0a\u00f1os, de piel morena y usa un uniforme de color azul marino. Apoya sus manos en el hombre de su izquierda, un hombre de aproximadamente 70\u00a0a\u00f1os con cabello y bigote grises y piel morena. A su izquierda hay una mujer con cabello negro canoso hasta los hombros. Parece tener aproximadamente 60\u00a0a\u00f1os y usa una camiseta de rayas azules y verde azulado. Detr\u00e1s de ellos hay una planta. Una caracter\u00edstica importante de WA Cares es que les permite a los familiares cobrar por brindar atenci\u00f3n a sus seres queridos cuando lo necesitan.\" class=\"wp-image-1217\" srcset=\"https:\/\/wecareforwacares.org\/wp-content\/uploads\/2023\/05\/About-WA-Cares-Family-Caregivers-1-1024x683.jpeg 1024w, https:\/\/wecareforwacares.org\/wp-content\/uploads\/2023\/05\/About-WA-Cares-Family-Caregivers-1-300x200.jpeg 300w, https:\/\/wecareforwacares.org\/wp-content\/uploads\/2023\/05\/About-WA-Cares-Family-Caregivers-1-768x512.jpeg 768w, https:\/\/wecareforwacares.org\/wp-content\/uploads\/2023\/05\/About-WA-Cares-Family-Caregivers-1-1536x1024.jpeg 1536w, https:\/\/wecareforwacares.org\/wp-content\/uploads\/2023\/05\/About-WA-Cares-Family-Caregivers-1-2048x1365.jpeg 2048w, https:\/\/wecareforwacares.org\/wp-content\/uploads\/2023\/05\/About-WA-Cares-Family-Caregivers-1-930x620.jpeg 930w\" sizes=\"auto, (max-width: 1024px) 100vw, 1024px\" \/><\/figure>\n<\/div>\n<\/div>\n<\/div>\n\n\n\n<div class=\"wp-block-group alignfull is-layout-constrained wp-container-core-group-is-layout-0cdfb682 wp-block-group-is-layout-constrained\" style=\"padding-top:var(--wp--preset--spacing--50);padding-right:0;padding-bottom:var(--wp--preset--spacing--60);padding-left:0\">\n<h2 class=\"wp-block-heading has-text-align-center has-nv-dark-bg-color has-text-color\">Acerca de WA Cares \u2013 Qu\u00e9 cubre<\/h2>\n\n\n\n<div class=\"wp-block-columns is-layout-flex wp-container-core-columns-is-layout-28f84493 wp-block-columns-is-layout-flex\">\n<div class=\"wp-block-column is-layout-flow wp-block-column-is-layout-flow\">\n<figure class=\"wp-block-image aligncenter size-large is-resized\"><img loading=\"lazy\" decoding=\"async\" src=\"https:\/\/wecareforwacares.org\/wp-content\/uploads\/2023\/05\/Home-Care-1024x1024.png\" alt=\"\u00cdcono azul de una casa\" class=\"wp-image-1387\" style=\"width:75px;height:75px\" width=\"75\" height=\"75\" srcset=\"https:\/\/wecareforwacares.org\/wp-content\/uploads\/2023\/05\/Home-Care-1024x1024.png 1024w, https:\/\/wecareforwacares.org\/wp-content\/uploads\/2023\/05\/Home-Care-300x300.png 300w, https:\/\/wecareforwacares.org\/wp-content\/uploads\/2023\/05\/Home-Care-150x150.png 150w, https:\/\/wecareforwacares.org\/wp-content\/uploads\/2023\/05\/Home-Care-768x768.png 768w, https:\/\/wecareforwacares.org\/wp-content\/uploads\/2023\/05\/Home-Care.png 1080w\" sizes=\"auto, (max-width: 75px) 100vw, 75px\" \/><\/figure>\n\n\n\n<h3 class=\"wp-block-heading has-text-align-center has-nv-dark-bg-color has-text-color\">Atenci\u00f3n domiciliaria<\/h3>\n<\/div>\n\n\n\n<div class=\"wp-block-column is-layout-flow wp-block-column-is-layout-flow\">\n<figure class=\"wp-block-image aligncenter size-full is-resized\"><img loading=\"lazy\" decoding=\"async\" src=\"https:\/\/wecareforwacares.org\/wp-content\/uploads\/2023\/05\/Family-Caregiving.png\" alt=\"\u00cdcono azul de un coraz\u00f3n\" class=\"wp-image-1389\" style=\"width:75px;height:75px\" width=\"75\" height=\"75\"\/><\/figure>\n\n\n\n<h3 class=\"wp-block-heading has-text-align-center has-nv-dark-bg-color has-text-color\">Cuidado familiar<\/h3>\n<\/div>\n\n\n\n<div class=\"wp-block-column is-layout-flow wp-block-column-is-layout-flow\">\n<figure class=\"wp-block-image aligncenter size-large is-resized\"><img loading=\"lazy\" decoding=\"async\" src=\"https:\/\/wecareforwacares.org\/wp-content\/uploads\/2023\/05\/Medical-Equipment-1024x1024.png\" alt=\"\u00cdcono azul de una silla de ruedas\" class=\"wp-image-1391\" style=\"width:75px;height:75px\" width=\"75\" height=\"75\" srcset=\"https:\/\/wecareforwacares.org\/wp-content\/uploads\/2023\/05\/Medical-Equipment-1024x1024.png 1024w, https:\/\/wecareforwacares.org\/wp-content\/uploads\/2023\/05\/Medical-Equipment-300x300.png 300w, https:\/\/wecareforwacares.org\/wp-content\/uploads\/2023\/05\/Medical-Equipment-150x150.png 150w, https:\/\/wecareforwacares.org\/wp-content\/uploads\/2023\/05\/Medical-Equipment-768x768.png 768w, https:\/\/wecareforwacares.org\/wp-content\/uploads\/2023\/05\/Medical-Equipment.png 1080w\" sizes=\"auto, (max-width: 75px) 100vw, 75px\" \/><\/figure>\n\n\n\n<h3 class=\"wp-block-heading has-text-align-center has-nv-dark-bg-color has-text-color\">Equipos m\u00e9dicos<\/h3>\n<\/div>\n<\/div>\n\n\n\n<div class=\"wp-block-columns is-layout-flex wp-container-core-columns-is-layout-28f84493 wp-block-columns-is-layout-flex\">\n<div class=\"wp-block-column is-layout-flow wp-block-column-is-layout-flow\"><\/div>\n\n\n\n<div class=\"wp-block-column is-layout-flow wp-block-column-is-layout-flow\" style=\"flex-basis:33%\">\n<figure class=\"wp-block-image aligncenter size-large is-resized\"><img loading=\"lazy\" decoding=\"async\" src=\"https:\/\/wecareforwacares.org\/wp-content\/uploads\/2023\/05\/Home-Modifications-1024x1024.png\" alt=\"\u00cdcono azul de una llave inglesa y un martillo cruzados en forma de X\" class=\"wp-image-1393\" style=\"width:75px;height:75px\" width=\"75\" height=\"75\" srcset=\"https:\/\/wecareforwacares.org\/wp-content\/uploads\/2023\/05\/Home-Modifications-1024x1024.png 1024w, https:\/\/wecareforwacares.org\/wp-content\/uploads\/2023\/05\/Home-Modifications-300x300.png 300w, https:\/\/wecareforwacares.org\/wp-content\/uploads\/2023\/05\/Home-Modifications-150x150.png 150w, https:\/\/wecareforwacares.org\/wp-content\/uploads\/2023\/05\/Home-Modifications-768x768.png 768w, https:\/\/wecareforwacares.org\/wp-content\/uploads\/2023\/05\/Home-Modifications.png 1080w\" sizes=\"auto, (max-width: 75px) 100vw, 75px\" \/><\/figure>\n\n\n\n<h3 class=\"wp-block-heading has-text-align-center has-nv-dark-bg-color has-text-color\">Adaptaciones en el hogar<\/h3>\n<\/div>\n\n\n\n<div class=\"wp-block-column is-layout-flow wp-block-column-is-layout-flow\" style=\"flex-basis:33%\">\n<figure class=\"wp-block-image aligncenter size-large is-resized\"><img loading=\"lazy\" decoding=\"async\" src=\"https:\/\/wecareforwacares.org\/wp-content\/uploads\/2023\/05\/Residential-Facilities-1024x1024.png\" alt=\"\u00cdcono azul de un edificio\" class=\"wp-image-1396\" style=\"width:75px;height:75px\" width=\"75\" height=\"75\" srcset=\"https:\/\/wecareforwacares.org\/wp-content\/uploads\/2023\/05\/Residential-Facilities-1024x1024.png 1024w, https:\/\/wecareforwacares.org\/wp-content\/uploads\/2023\/05\/Residential-Facilities-300x300.png 300w, https:\/\/wecareforwacares.org\/wp-content\/uploads\/2023\/05\/Residential-Facilities-150x150.png 150w, https:\/\/wecareforwacares.org\/wp-content\/uploads\/2023\/05\/Residential-Facilities-768x768.png 768w, https:\/\/wecareforwacares.org\/wp-content\/uploads\/2023\/05\/Residential-Facilities.png 1080w\" sizes=\"auto, (max-width: 75px) 100vw, 75px\" \/><\/figure>\n\n\n\n<h3 class=\"wp-block-heading has-text-align-center has-nv-dark-bg-color has-text-color\">Centros residenciales<\/h3>\n<\/div>\n\n\n\n<div class=\"wp-block-column is-layout-flow wp-block-column-is-layout-flow\"><\/div>\n<\/div>\n<\/div>\n\n\n\n<div class=\"wp-block-group alignfull has-nv-text-dark-bg-background-color has-background is-layout-constrained wp-block-group-is-layout-constrained\" style=\"padding-top:var(--wp--preset--spacing--50);padding-bottom:var(--wp--preset--spacing--60)\">\n<h2 class=\"wp-block-heading has-text-align-center has-neve-link-hover-color-color has-text-color\">Acerca de WA Cares \u2013 C\u00f3mo funciona el Fondo de WA Cares<\/h2>\n\n\n\n<div class=\"wp-block-columns is-layout-flex wp-container-core-columns-is-layout-28f84493 wp-block-columns-is-layout-flex\">\n<div class=\"wp-block-column is-vertically-aligned-center is-layout-flow wp-block-column-is-layout-flow\" style=\"flex-basis:50%\">\n<h4 class=\"wp-block-heading has-nv-text-dark-bg-color has-neve-link-hover-color-background-color has-text-color has-background\" style=\"padding-top:var(--wp--preset--spacing--30);padding-right:var(--wp--preset--spacing--30);padding-bottom:var(--wp--preset--spacing--30);padding-left:var(--wp--preset--spacing--30)\">Beneficios totales<\/h4>\n\n\n\n<figure class=\"wp-block-table is-style-stripes\" style=\"font-size:28px\"><table class=\"has-nv-text-dark-bg-color has-nv-dark-bg-background-color has-text-color has-background has-border-color has-nv-text-dark-bg-border-color\" style=\"border-width:3px\"><tbody><tr><td class=\"has-text-align-center\" data-align=\"center\">2026<\/td><td class=\"has-text-align-center\" data-align=\"center\">$36,500<\/td><\/tr><tr><td class=\"has-text-align-center\" data-align=\"center\">2030<\/td><td class=\"has-text-align-center\" data-align=\"center\">$40,289<\/td><\/tr><tr><td class=\"has-text-align-center\" data-align=\"center\">2035<\/td><td class=\"has-text-align-center\" data-align=\"center\">$45,584<\/td><\/tr><tr><td class=\"has-text-align-center\" data-align=\"center\">2040<\/td><td class=\"has-text-align-center\" data-align=\"center\">$51,574<\/td><\/tr><tr><td class=\"has-text-align-center\" data-align=\"center\">2045<\/td><td class=\"has-text-align-center\" data-align=\"center\">$58,351<\/td><\/tr><tr><td class=\"has-text-align-center\" data-align=\"center\">2050<\/td><td class=\"has-text-align-center\" data-align=\"center\">$66,019<\/td><\/tr><\/tbody><\/table><figcaption class=\"wp-element-caption\">La tabla supone un ajuste anual de inflaci\u00f3n econ\u00f3mica del 2.5 %<\/figcaption><\/figure>\n<\/div>\n\n\n\n<div class=\"wp-block-column is-vertically-aligned-center is-layout-flow wp-block-column-is-layout-flow\" style=\"flex-basis:50%\">\n<p>El 87 % de los adultos de Washington entre los 20 y los 64 a\u00f1os est\u00e1n en proceso para recibir los beneficios del Fondo de WA Cares.<\/p>\n\n\n\n<p>En diez a\u00f1os, m\u00e1s de 3\u00a0millones de trabajadores de Washington tendr\u00e1n derecho pleno a los beneficios de WA Cares. Dispondremos de $36,500 para recibir atenci\u00f3n cuando la necesitemos. El valor de este beneficio aumenta seg\u00fan la inflaci\u00f3n econ\u00f3mica.\u00a0<\/p>\n\n\n\n<p>Una caracter\u00edstica importante del Fondo de WA Cares es que las cuotas son reducidas &#8211; solo $0.58 por cada $100 ganados por los trabajadores de Washington. Los trabajadores empezar\u00e1n a contribuir autom\u00e1ticamente al Fondo de WA Cares en julio del 2023 mediante una deducci\u00f3n de n\u00f3mina antes de impuestos.<\/p>\n\n\n\n<p>Despu\u00e9s de contribuir a WA Cares durante tres a\u00f1os, podremos acceder a los beneficios si sufrimos una situaci\u00f3n de discapacidad como un grave accidente automovil\u00edstico o un derrame cerebral.<\/p>\n<\/div>\n<\/div>\n<\/div>\n\n\n\n<div class=\"wp-block-group alignfull dk-blue-wc-bg has-nv-text-dark-bg-color has-nv-dark-bg-background-color has-text-color has-background is-layout-constrained wp-block-group-is-layout-constrained\" style=\"padding-top:var(--wp--preset--spacing--50);padding-bottom:var(--wp--preset--spacing--60)\">\n<h2 class=\"wp-block-heading has-text-align-center\">Acerca de WA Cares \u2013 3&nbsp;opciones flexibles para la adquisici\u00f3n de derechos<\/h2>\n\n\n\n<p class=\"has-text-align-left has-medium-font-size\">Si trabajamos un promedio de 10 horas a la semana, los habitantes de Washington podemos acceder a los beneficios del Fondo de WA Cares cuando los necesitemos, de 3 distintas maneras:<\/p>\n\n\n\n<div class=\"wp-block-columns is-layout-flex wp-container-core-columns-is-layout-28f84493 wp-block-columns-is-layout-flex\">\n<div class=\"wp-block-column is-vertically-aligned-center is-layout-flow wp-block-column-is-layout-flow\">\n<h3 class=\"wp-block-heading has-text-align-center has-nv-text-dark-bg-color has-neve-link-hover-color-background-color has-text-color has-background\" style=\"padding-top:var(--wp--preset--spacing--40);padding-right:var(--wp--preset--spacing--40);padding-bottom:var(--wp--preset--spacing--40);padding-left:var(--wp--preset--spacing--40)\"><strong>Adquisici\u00f3n de derechos est\u00e1ndar<\/strong><\/h3>\n<\/div>\n\n\n\n<div class=\"wp-block-column is-layout-flow wp-block-column-is-layout-flow\">\n<p class=\"has-nv-text-dark-bg-color has-text-color\">Si contribuimos durante 10 a\u00f1os o m\u00e1s, tendremos derecho pleno a los beneficios del Fondo de WA Cares. A partir de ese momento, tendremos acceso de por vida a los beneficios de WA Cares cuando los necesitemos.<\/p>\n<\/div>\n<\/div>\n\n\n\n<div class=\"wp-block-columns is-layout-flex wp-container-core-columns-is-layout-28f84493 wp-block-columns-is-layout-flex\">\n<div class=\"wp-block-column is-vertically-aligned-center is-layout-flow wp-block-column-is-layout-flow\">\n<h3 class=\"wp-block-heading has-text-align-center has-nv-text-dark-bg-color has-neve-link-hover-color-background-color has-text-color has-background\" style=\"padding-top:var(--wp--preset--spacing--40);padding-right:var(--wp--preset--spacing--40);padding-bottom:var(--wp--preset--spacing--40);padding-left:var(--wp--preset--spacing--40)\"><strong>Adquisici\u00f3n de derechos de emergencia<\/strong><\/h3>\n<\/div>\n\n\n\n<div class=\"wp-block-column is-layout-flow wp-block-column-is-layout-flow\">\n<p class=\"has-nv-text-dark-bg-color has-text-color\">En caso de sufrir una situaci\u00f3n de discapacidad, como un accidente o un infarto, podremos acceder completamente a los beneficios de emergencia de WA Cares a partir del 2026. Bastar\u00e1 con haber contribuido al fondo durante tres de los \u00faltimos seis a\u00f1os.<\/p>\n<\/div>\n<\/div>\n\n\n\n<div class=\"wp-block-columns is-layout-flex wp-container-core-columns-is-layout-28f84493 wp-block-columns-is-layout-flex\">\n<div class=\"wp-block-column is-vertically-aligned-center is-layout-flow wp-block-column-is-layout-flow\">\n<h3 class=\"wp-block-heading has-text-align-center has-nv-text-dark-bg-color has-neve-link-hover-color-background-color has-text-color has-background\" style=\"padding-top:var(--wp--preset--spacing--40);padding-right:var(--wp--preset--spacing--40);padding-bottom:var(--wp--preset--spacing--40);padding-left:var(--wp--preset--spacing--40)\"><strong>Adquisici\u00f3n de derechos parcial<\/strong>&nbsp;<\/h3>\n<\/div>\n\n\n\n<div class=\"wp-block-column is-layout-flow wp-block-column-is-layout-flow\">\n<p class=\"has-nv-text-dark-bg-color has-text-color\">Si dejamos de trabajar antes del 2033, podemos acceder a los beneficios proporcionales de WA Cares*. Por ejemplo, si una persona se jubila en el 2027, puede acceder al 40\u00a0% del monto del beneficio.\u00a0<\/p>\n\n\n\n<p class=\"has-small-font-size\">*Disponible para las personas de Washington que nacieron antes del 01\/01\/1968, que trabajen un promedio de 10&nbsp;horas a la semana y hayan contribuido durante un a\u00f1o o m\u00e1s.&nbsp;<\/p>\n<\/div>\n<\/div>\n<\/div>\n\n\n\n<figure class=\"wp-block-pullquote lt-blue-splash\"><blockquote><p>\u201cDurante un procedimiento m\u00e9dico de rutina qued\u00e9 parcialmente paralizada.<br>Como la mayor\u00eda de las familias, no tenemos suficiente dinero para pagar los servicios de un asistente de atenci\u00f3n domiciliaria si llegara a necesitarlo. Ahora, gracias a WA Cares, tenemos m\u00e1s opciones.&nbsp;<br>Cada uno contribuye con una peque\u00f1a cantidad de su sueldo y WA Cares se encargar\u00e1 de pagar un asistente de atenci\u00f3n domiciliaria si lo necesitamos.&nbsp;<br>De este modo, Sam puede seguir trabajando, con la tranquilidad de saber que estoy en casa y que recibo la atenci\u00f3n que necesito\u201d.<br><\/p><cite><a href=\"https:\/\/wecareforwacares.org\/es\/wa-cares-paralysis-support\/\">&#8211; Dani, Asotin WA<\/a><\/cite><\/blockquote><\/figure>\n\n\n\n<div class=\"wp-block-group alignfull has-nv-text-dark-bg-color has-neve-link-color-background-color has-text-color has-background is-layout-constrained wp-block-group-is-layout-constrained\" style=\"padding-top:var(--wp--preset--spacing--50);padding-bottom:var(--wp--preset--spacing--60)\">\n<h3 class=\"wp-block-heading has-text-align-center has-nv-text-dark-bg-color has-text-color has-link-color wp-elements-d853434cd763b9f82e2386cf41ee1745\"><strong><a href=\"https:\/\/wecareforwacares.org\/es\/wa-cares-benefits\/\">Vea algunas historias sobre los beneficios de WA Cares<\/a><\/strong><\/h3>\n\n\n\n<div class=\"wp-block-columns is-layout-flex wp-container-core-columns-is-layout-28f84493 wp-block-columns-is-layout-flex\">\n<div class=\"wp-block-column is-vertically-aligned-center is-layout-flow wp-block-column-is-layout-flow\" style=\"flex-basis:50%\">\n<p class=\"has-link-color has-medium-font-size wp-elements-203f33fd578811070e4d32917413ca9e\">Escuche las historias de habitantes de Washington como Christina, y obtenga informaci\u00f3n sobre c\u00f3mo los <a href=\"https:\/\/wecareforwacares.org\/es\/wa-cares-benefits\/\">beneficios de WA Cares<\/a> nos ayudar\u00e1n a satisfacer nuestras necesidades de cuidado y atenci\u00f3n a largo plazo.\u00a0<\/p>\n<\/div>\n\n\n\n<div class=\"wp-block-column is-layout-flow wp-block-column-is-layout-flow\" style=\"flex-basis:50%\">\n<figure class=\"wp-block-image size-large img-shadow\"><a href=\"https:\/\/wecareforwacares.org\/wa-cares-taking-care-washington\/\"><img loading=\"lazy\" decoding=\"async\" width=\"1024\" height=\"576\" src=\"https:\/\/wecareforwacares.org\/wp-content\/uploads\/2023\/05\/About-WA-Cares-Christina-stroke-support-1-1024x576.jpeg\" alt=\"Christina, una mujer blanca sonriente de cabello largo y gris, mirando a la c\u00e1mara. Est\u00e1 sentada en la sala de su casa, con marcos y cuadros a su espalda. Tiene tinte rojo en las puntas del cabello. Su mano izquierda est\u00e1 extendida sobre su sof\u00e1, con un reloj en su mu\u00f1eca.\" class=\"wp-image-1223\" srcset=\"https:\/\/wecareforwacares.org\/wp-content\/uploads\/2023\/05\/About-WA-Cares-Christina-stroke-support-1-1024x576.jpeg 1024w, https:\/\/wecareforwacares.org\/wp-content\/uploads\/2023\/05\/About-WA-Cares-Christina-stroke-support-1-300x169.jpeg 300w, https:\/\/wecareforwacares.org\/wp-content\/uploads\/2023\/05\/About-WA-Cares-Christina-stroke-support-1-768x432.jpeg 768w, https:\/\/wecareforwacares.org\/wp-content\/uploads\/2023\/05\/About-WA-Cares-Christina-stroke-support-1.jpeg 1200w\" sizes=\"auto, (max-width: 1024px) 100vw, 1024px\" \/><\/a><\/figure>\n<\/div>\n<\/div>\n<\/div>\n\n\n\n<div class=\"wp-block-group alignfull has-nv-text-dark-bg-color has-neve-link-hover-color-background-color has-text-color has-background is-layout-constrained wp-block-group-is-layout-constrained\" style=\"padding-top:var(--wp--preset--spacing--50);padding-bottom:var(--wp--preset--spacing--60)\">\n<div class=\"wp-block-columns is-layout-flex wp-container-core-columns-is-layout-28f84493 wp-block-columns-is-layout-flex\">\n<div class=\"wp-block-column is-vertically-aligned-center is-layout-flow wp-block-column-is-layout-flow\">\n<h3 class=\"wp-block-heading\"><strong>Washington DSHS<\/strong><\/h3>\n\n\n\n<p class=\"has-medium-font-size\">Obtenga m\u00e1s informaci\u00f3n sobre los beneficios de WA Cares del Department of Social and Health Services (Departamento de Servicios Sociales y de Salud) de Washington:<\/p>\n<\/div>\n\n\n\n<div class=\"wp-block-column is-layout-flow wp-block-column-is-layout-flow\">\n<figure class=\"wp-block-image size-large img-shadow\"><a href=\"https:\/\/wacaresfund.wa.gov\/\"><img loading=\"lazy\" decoding=\"async\" width=\"1024\" height=\"755\" src=\"https:\/\/wecareforwacares.org\/wp-content\/uploads\/2023\/06\/wacaresfund.gov-homepage-1024x755.png\" alt=\"A screenshot showing the homepage of wacaresfund.wa.gov, with the headline &quot;Helping You Cover Your Tomorrows&quot;\" class=\"wp-image-2669\" srcset=\"https:\/\/wecareforwacares.org\/wp-content\/uploads\/2023\/06\/wacaresfund.gov-homepage-1024x755.png 1024w, https:\/\/wecareforwacares.org\/wp-content\/uploads\/2023\/06\/wacaresfund.gov-homepage-300x221.png 300w, https:\/\/wecareforwacares.org\/wp-content\/uploads\/2023\/06\/wacaresfund.gov-homepage-768x566.png 768w, https:\/\/wecareforwacares.org\/wp-content\/uploads\/2023\/06\/wacaresfund.gov-homepage-1536x1132.png 1536w, https:\/\/wecareforwacares.org\/wp-content\/uploads\/2023\/06\/wacaresfund.gov-homepage-2048x1510.png 2048w\" sizes=\"auto, (max-width: 1024px) 100vw, 1024px\" \/><\/a><\/figure>\n<\/div>\n<\/div>\n<\/div>\n","protected":false},"excerpt":{"rendered":"<p>Acerca de WA Cares: Un beneficio accesible de cuidado y atenci\u00f3n domiciliaria a largo plazo para los trabajadores de Washington Nadie tiene previsto necesitar cuidado y atenci\u00f3n a largo plazo; pero en alg\u00fan momento de nuestras vidas, el 70% de los habitantes de Washington la necesitaremos. Antes de que eso ocurra, hay algunos aspectos que&hellip;&nbsp;<\/p>\n","protected":false},"author":2,"featured_media":0,"parent":0,"menu_order":0,"comment_status":"closed","ping_status":"closed","template":"","meta":{"inline_featured_image":false,"neve_meta_sidebar":"","neve_meta_container":"","neve_meta_enable_content_width":"","neve_meta_content_width":0,"neve_meta_title_alignment":"","neve_meta_author_avatar":"","neve_post_elements_order":"","neve_meta_disable_header":"","neve_meta_disable_footer":"","neve_meta_disable_title":"","neve_meta_reading_time":"","footnotes":""},"class_list":["post-2876","page","type-page","status-publish","hentry"],"yoast_head":"<!-- This site is optimized with the Yoast SEO plugin v27.5 - https:\/\/yoast.com\/product\/yoast-seo-wordpress\/ -->\n<title>Acerca de WA Cares | We Care For WA Cares<\/title>\n<meta name=\"description\" content=\"En We Care For WA Cares, descubra c\u00f3mo WA Cares proporciona apoyo relacionado con la atenci\u00f3n a largo plazo a las familias trabajadoras de todo el estado de Washington.\" \/>\n<meta name=\"robots\" content=\"index, follow, max-snippet:-1, max-image-preview:large, max-video-preview:-1\" \/>\n<link rel=\"canonical\" href=\"https:\/\/wecareforwacares.org\/es\/about-wa-cares\/\" \/>\n<meta property=\"og:locale\" content=\"es_ES\" \/>\n<meta property=\"og:type\" content=\"article\" \/>\n<meta property=\"og:title\" content=\"Acerca de WA Cares | We Care For WA Cares\" \/>\n<meta property=\"og:description\" content=\"En We Care For WA Cares, descubra c\u00f3mo WA Cares proporciona apoyo relacionado con la atenci\u00f3n a largo plazo a las familias trabajadoras de todo el estado de Washington.\" \/>\n<meta property=\"og:url\" content=\"https:\/\/wecareforwacares.org\/es\/about-wa-cares\/\" \/>\n<meta property=\"og:site_name\" content=\"We Care for WA Cares\" \/>\n<meta property=\"article:publisher\" content=\"https:\/\/www.facebook.com\/WeCareForWACares\" \/>\n<meta property=\"article:modified_time\" content=\"2023-10-02T15:24:16+00:00\" \/>\n<meta property=\"og:image\" content=\"https:\/\/wecareforwacares.org\/wp-content\/uploads\/2023\/05\/WA-Cares-person-with-crutches-learns-about-wa-cares-and-long-term-care-coverage-scaled.jpeg\" \/>\n<meta name=\"twitter:card\" content=\"summary_large_image\" \/>\n<meta name=\"twitter:title\" content=\"Acerca de WA Cares\" \/>\n<meta name=\"twitter:description\" content=\"En We Care For WA Cares, descubra c\u00f3mo WA Cares proporciona apoyo relacionado con la atenci\u00f3n a largo plazo a las familias trabajadoras de todo el estado de Washington.\" \/>\n<meta name=\"twitter:site\" content=\"@WeCare4WACares\" \/>\n<meta name=\"twitter:label1\" content=\"Tiempo de lectura\" \/>\n\t<meta name=\"twitter:data1\" content=\"8 minutos\" \/>\n<script type=\"application\/ld+json\" class=\"yoast-schema-graph\">{\"@context\":\"https:\\\/\\\/schema.org\",\"@graph\":[{\"@type\":\"WebPage\",\"@id\":\"https:\\\/\\\/wecareforwacares.org\\\/es\\\/about-wa-cares\\\/\",\"url\":\"https:\\\/\\\/wecareforwacares.org\\\/es\\\/about-wa-cares\\\/\",\"name\":\"Acerca de WA Cares | We Care For WA Cares\",\"isPartOf\":{\"@id\":\"https:\\\/\\\/wecareforwacares.org\\\/#website\"},\"primaryImageOfPage\":{\"@id\":\"https:\\\/\\\/wecareforwacares.org\\\/es\\\/about-wa-cares\\\/#primaryimage\"},\"image\":{\"@id\":\"https:\\\/\\\/wecareforwacares.org\\\/es\\\/about-wa-cares\\\/#primaryimage\"},\"thumbnailUrl\":\"https:\\\/\\\/wecareforwacares.org\\\/wp-content\\\/uploads\\\/2023\\\/05\\\/WA-Cares-person-with-crutches-learns-about-wa-cares-and-long-term-care-coverage-scaled.jpeg\",\"datePublished\":\"2023-05-03T17:04:38+00:00\",\"dateModified\":\"2023-10-02T15:24:16+00:00\",\"description\":\"En We Care For WA Cares, descubra c\u00f3mo WA Cares proporciona apoyo relacionado con la atenci\u00f3n a largo plazo a las familias trabajadoras de todo el estado de Washington.\",\"breadcrumb\":{\"@id\":\"https:\\\/\\\/wecareforwacares.org\\\/es\\\/about-wa-cares\\\/#breadcrumb\"},\"inLanguage\":\"es\",\"potentialAction\":[{\"@type\":\"ReadAction\",\"target\":[\"https:\\\/\\\/wecareforwacares.org\\\/es\\\/about-wa-cares\\\/\"]}]},{\"@type\":\"ImageObject\",\"inLanguage\":\"es\",\"@id\":\"https:\\\/\\\/wecareforwacares.org\\\/es\\\/about-wa-cares\\\/#primaryimage\",\"url\":\"https:\\\/\\\/wecareforwacares.org\\\/wp-content\\\/uploads\\\/2023\\\/05\\\/WA-Cares-person-with-crutches-learns-about-wa-cares-and-long-term-care-coverage-scaled.jpeg\",\"contentUrl\":\"https:\\\/\\\/wecareforwacares.org\\\/wp-content\\\/uploads\\\/2023\\\/05\\\/WA-Cares-person-with-crutches-learns-about-wa-cares-and-long-term-care-coverage-scaled.jpeg\"},{\"@type\":\"BreadcrumbList\",\"@id\":\"https:\\\/\\\/wecareforwacares.org\\\/es\\\/about-wa-cares\\\/#breadcrumb\",\"itemListElement\":[{\"@type\":\"ListItem\",\"position\":1,\"name\":\"Home\",\"item\":\"https:\\\/\\\/wecareforwacares.org\\\/\"},{\"@type\":\"ListItem\",\"position\":2,\"name\":\"Acerca de WA Cares\"}]},{\"@type\":\"WebSite\",\"@id\":\"https:\\\/\\\/wecareforwacares.org\\\/#website\",\"url\":\"https:\\\/\\\/wecareforwacares.org\\\/\",\"name\":\"We Care for WA Cares\",\"description\":\"70% of us will need long-term care\",\"publisher\":{\"@id\":\"https:\\\/\\\/wecareforwacares.org\\\/#organization\"},\"alternateName\":\"We Care for WA Cares\",\"potentialAction\":[{\"@type\":\"SearchAction\",\"target\":{\"@type\":\"EntryPoint\",\"urlTemplate\":\"https:\\\/\\\/wecareforwacares.org\\\/?s={search_term_string}\"},\"query-input\":{\"@type\":\"PropertyValueSpecification\",\"valueRequired\":true,\"valueName\":\"search_term_string\"}}],\"inLanguage\":\"es\"},{\"@type\":\"Organization\",\"@id\":\"https:\\\/\\\/wecareforwacares.org\\\/#organization\",\"name\":\"We Care for WA Caares\",\"alternateName\":\"We Care for WA Caares\",\"url\":\"https:\\\/\\\/wecareforwacares.org\\\/\",\"logo\":{\"@type\":\"ImageObject\",\"inLanguage\":\"es\",\"@id\":\"https:\\\/\\\/wecareforwacares.org\\\/#\\\/schema\\\/logo\\\/image\\\/\",\"url\":\"https:\\\/\\\/wecareforwacares.org\\\/wp-content\\\/uploads\\\/2023\\\/05\\\/we-care-for-wa-cares-logo.jpg\",\"contentUrl\":\"https:\\\/\\\/wecareforwacares.org\\\/wp-content\\\/uploads\\\/2023\\\/05\\\/we-care-for-wa-cares-logo.jpg\",\"width\":700,\"height\":700,\"caption\":\"We Care for WA Caares\"},\"image\":{\"@id\":\"https:\\\/\\\/wecareforwacares.org\\\/#\\\/schema\\\/logo\\\/image\\\/\"},\"sameAs\":[\"https:\\\/\\\/www.facebook.com\\\/WeCareForWACares\",\"https:\\\/\\\/x.com\\\/WeCare4WACares\",\"https:\\\/\\\/www.youtube.com\\\/channel\\\/UCICpxHAJPKocRrFM3WErRXw\",\"https:\\\/\\\/www.instagram.com\\\/wecare4wacares\\\/\"]}]}<\/script>\n<!-- \/ Yoast SEO plugin. -->","yoast_head_json":{"title":"Acerca de WA Cares | We Care For WA Cares","description":"En We Care For WA Cares, descubra c\u00f3mo WA Cares proporciona apoyo relacionado con la atenci\u00f3n a largo plazo a las familias trabajadoras de todo el estado de Washington.","robots":{"index":"index","follow":"follow","max-snippet":"max-snippet:-1","max-image-preview":"max-image-preview:large","max-video-preview":"max-video-preview:-1"},"canonical":"https:\/\/wecareforwacares.org\/es\/about-wa-cares\/","og_locale":"es_ES","og_type":"article","og_title":"Acerca de WA Cares | We Care For WA Cares","og_description":"En We Care For WA Cares, descubra c\u00f3mo WA Cares proporciona apoyo relacionado con la atenci\u00f3n a largo plazo a las familias trabajadoras de todo el estado de Washington.","og_url":"https:\/\/wecareforwacares.org\/es\/about-wa-cares\/","og_site_name":"We Care for WA Cares","article_publisher":"https:\/\/www.facebook.com\/WeCareForWACares","article_modified_time":"2023-10-02T15:24:16+00:00","og_image":[{"url":"https:\/\/wecareforwacares.org\/wp-content\/uploads\/2023\/05\/WA-Cares-person-with-crutches-learns-about-wa-cares-and-long-term-care-coverage-scaled.jpeg","type":"","width":"","height":""}],"twitter_card":"summary_large_image","twitter_title":"Acerca de WA Cares","twitter_description":"En We Care For WA Cares, descubra c\u00f3mo WA Cares proporciona apoyo relacionado con la atenci\u00f3n a largo plazo a las familias trabajadoras de todo el estado de Washington.","twitter_site":"@WeCare4WACares","twitter_misc":{"Tiempo de lectura":"8 minutos"},"schema":{"@context":"https:\/\/schema.org","@graph":[{"@type":"WebPage","@id":"https:\/\/wecareforwacares.org\/es\/about-wa-cares\/","url":"https:\/\/wecareforwacares.org\/es\/about-wa-cares\/","name":"Acerca de WA Cares | We Care For WA Cares","isPartOf":{"@id":"https:\/\/wecareforwacares.org\/#website"},"primaryImageOfPage":{"@id":"https:\/\/wecareforwacares.org\/es\/about-wa-cares\/#primaryimage"},"image":{"@id":"https:\/\/wecareforwacares.org\/es\/about-wa-cares\/#primaryimage"},"thumbnailUrl":"https:\/\/wecareforwacares.org\/wp-content\/uploads\/2023\/05\/WA-Cares-person-with-crutches-learns-about-wa-cares-and-long-term-care-coverage-scaled.jpeg","datePublished":"2023-05-03T17:04:38+00:00","dateModified":"2023-10-02T15:24:16+00:00","description":"En We Care For WA Cares, descubra c\u00f3mo WA Cares proporciona apoyo relacionado con la atenci\u00f3n a largo plazo a las familias trabajadoras de todo el estado de Washington.","breadcrumb":{"@id":"https:\/\/wecareforwacares.org\/es\/about-wa-cares\/#breadcrumb"},"inLanguage":"es","potentialAction":[{"@type":"ReadAction","target":["https:\/\/wecareforwacares.org\/es\/about-wa-cares\/"]}]},{"@type":"ImageObject","inLanguage":"es","@id":"https:\/\/wecareforwacares.org\/es\/about-wa-cares\/#primaryimage","url":"https:\/\/wecareforwacares.org\/wp-content\/uploads\/2023\/05\/WA-Cares-person-with-crutches-learns-about-wa-cares-and-long-term-care-coverage-scaled.jpeg","contentUrl":"https:\/\/wecareforwacares.org\/wp-content\/uploads\/2023\/05\/WA-Cares-person-with-crutches-learns-about-wa-cares-and-long-term-care-coverage-scaled.jpeg"},{"@type":"BreadcrumbList","@id":"https:\/\/wecareforwacares.org\/es\/about-wa-cares\/#breadcrumb","itemListElement":[{"@type":"ListItem","position":1,"name":"Home","item":"https:\/\/wecareforwacares.org\/"},{"@type":"ListItem","position":2,"name":"Acerca de WA Cares"}]},{"@type":"WebSite","@id":"https:\/\/wecareforwacares.org\/#website","url":"https:\/\/wecareforwacares.org\/","name":"We Care for WA Cares","description":"70% of us will need long-term care","publisher":{"@id":"https:\/\/wecareforwacares.org\/#organization"},"alternateName":"We Care for WA Cares","potentialAction":[{"@type":"SearchAction","target":{"@type":"EntryPoint","urlTemplate":"https:\/\/wecareforwacares.org\/?s={search_term_string}"},"query-input":{"@type":"PropertyValueSpecification","valueRequired":true,"valueName":"search_term_string"}}],"inLanguage":"es"},{"@type":"Organization","@id":"https:\/\/wecareforwacares.org\/#organization","name":"We Care for WA Caares","alternateName":"We Care for WA Caares","url":"https:\/\/wecareforwacares.org\/","logo":{"@type":"ImageObject","inLanguage":"es","@id":"https:\/\/wecareforwacares.org\/#\/schema\/logo\/image\/","url":"https:\/\/wecareforwacares.org\/wp-content\/uploads\/2023\/05\/we-care-for-wa-cares-logo.jpg","contentUrl":"https:\/\/wecareforwacares.org\/wp-content\/uploads\/2023\/05\/we-care-for-wa-cares-logo.jpg","width":700,"height":700,"caption":"We Care for WA Caares"},"image":{"@id":"https:\/\/wecareforwacares.org\/#\/schema\/logo\/image\/"},"sameAs":["https:\/\/www.facebook.com\/WeCareForWACares","https:\/\/x.com\/WeCare4WACares","https:\/\/www.youtube.com\/channel\/UCICpxHAJPKocRrFM3WErRXw","https:\/\/www.instagram.com\/wecare4wacares\/"]}]}},"_links":{"self":[{"href":"https:\/\/wecareforwacares.org\/es\/wp-json\/wp\/v2\/pages\/2876","targetHints":{"allow":["GET"]}}],"collection":[{"href":"https:\/\/wecareforwacares.org\/es\/wp-json\/wp\/v2\/pages"}],"about":[{"href":"https:\/\/wecareforwacares.org\/es\/wp-json\/wp\/v2\/types\/page"}],"author":[{"embeddable":true,"href":"https:\/\/wecareforwacares.org\/es\/wp-json\/wp\/v2\/users\/2"}],"replies":[{"embeddable":true,"href":"https:\/\/wecareforwacares.org\/es\/wp-json\/wp\/v2\/comments?post=2876"}],"version-history":[{"count":4,"href":"https:\/\/wecareforwacares.org\/es\/wp-json\/wp\/v2\/pages\/2876\/revisions"}],"predecessor-version":[{"id":3307,"href":"https:\/\/wecareforwacares.org\/es\/wp-json\/wp\/v2\/pages\/2876\/revisions\/3307"}],"wp:attachment":[{"href":"https:\/\/wecareforwacares.org\/es\/wp-json\/wp\/v2\/media?parent=2876"}],"curies":[{"name":"wp","href":"https:\/\/api.w.org\/{rel}","templated":true}]}}