{"id":2888,"date":"2023-05-03T18:13:15","date_gmt":"2023-05-03T18:13:15","guid":{"rendered":"https:\/\/wecareforwacares.org\/wa-cares-act-ley-wa-cares\/"},"modified":"2023-07-07T14:00:43","modified_gmt":"2023-07-07T14:00:43","slug":"wa-cares-act","status":"publish","type":"page","link":"https:\/\/wecareforwacares.org\/es\/wa-cares-act\/","title":{"rendered":"WA Cares Act (Ley WA Cares)"},"content":{"rendered":"\n<div class=\"wp-block-group alignfull blue-lg-div-btm has-nv-site-bg-background-color has-background is-layout-constrained wp-block-group-is-layout-constrained\">\n<div class=\"wp-block-columns alignwide is-layout-flex wp-container-core-columns-is-layout-28f84493 wp-block-columns-is-layout-flex\">\n<div class=\"wp-block-column is-vertically-aligned-center is-layout-flow wp-block-column-is-layout-flow\" style=\"flex-basis:33.33%\">\n<h1 class=\"wp-block-heading img-shadow has-nv-text-dark-bg-color has-neve-link-hover-color-background-color has-text-color has-background\" style=\"padding-top:var(--wp--preset--spacing--40);padding-right:var(--wp--preset--spacing--40);padding-bottom:var(--wp--preset--spacing--40);padding-left:var(--wp--preset--spacing--40)\">Mant\u00e9ngase actualizado sobre la WA Cares Act (Ley WA Cares)<\/h1>\n<\/div>\n\n\n\n<div class=\"wp-block-column is-vertically-aligned-center is-layout-flow wp-block-column-is-layout-flow\" style=\"flex-basis:66.66%\">\n<div class=\"wp-block-cover is-light has-custom-content-position is-position-bottom-center img-shadow\" style=\"min-height:50vh;aspect-ratio:unset;\"><span aria-hidden=\"true\" class=\"wp-block-cover__background has-nv-dark-bg-background-color has-background-dim-0 has-background-dim\"><\/span><img loading=\"lazy\" decoding=\"async\" width=\"2560\" height=\"1707\" class=\"wp-block-cover__image-background wp-image-1257\" alt=\"A close up of a smiling Black couple hugging. On the left is a female-presenting person with a pink shirt and curly shoulder-length hair. On the right is a male-presenting person in a blue shirt. They know they'll be covered by the WA Cares Act if they ever need long-term care.\" src=\"https:\/\/wecareforwacares.org\/wp-content\/uploads\/2023\/05\/WA-Cares-Act-smiling-couple-scaled.jpeg\" style=\"object-position:54% 48%\" data-object-fit=\"cover\" data-object-position=\"54% 48%\" srcset=\"https:\/\/wecareforwacares.org\/wp-content\/uploads\/2023\/05\/WA-Cares-Act-smiling-couple-scaled.jpeg 2560w, https:\/\/wecareforwacares.org\/wp-content\/uploads\/2023\/05\/WA-Cares-Act-smiling-couple-300x200.jpeg 300w, https:\/\/wecareforwacares.org\/wp-content\/uploads\/2023\/05\/WA-Cares-Act-smiling-couple-1024x683.jpeg 1024w, https:\/\/wecareforwacares.org\/wp-content\/uploads\/2023\/05\/WA-Cares-Act-smiling-couple-768x512.jpeg 768w, https:\/\/wecareforwacares.org\/wp-content\/uploads\/2023\/05\/WA-Cares-Act-smiling-couple-1536x1024.jpeg 1536w, https:\/\/wecareforwacares.org\/wp-content\/uploads\/2023\/05\/WA-Cares-Act-smiling-couple-2048x1366.jpeg 2048w, https:\/\/wecareforwacares.org\/wp-content\/uploads\/2023\/05\/WA-Cares-Act-smiling-couple-930x620.jpeg 930w\" sizes=\"auto, (max-width: 2560px) 100vw, 2560px\" \/><div class=\"wp-block-cover__inner-container is-layout-flow wp-container-core-cover-is-layout-8a368f38 wp-block-cover-is-layout-flow\">\n<p class=\"has-text-align-center has-large-font-size\"><\/p>\n<\/div><\/div>\n<\/div>\n<\/div>\n<\/div>\n\n<div class=\"wp-block-group alignfull white-div-btm has-neve-link-color-background-color has-background is-layout-constrained wp-block-group-is-layout-constrained\" style=\"padding-top:var(--wp--preset--spacing--50);padding-bottom:var(--wp--preset--spacing--60)\">\n<div class=\"wp-block-columns alignwide are-vertically-aligned-center is-layout-flex wp-container-core-columns-is-layout-28f84493 wp-block-columns-is-layout-flex\">\n<div class=\"wp-block-column is-vertically-aligned-center is-layout-flow wp-block-column-is-layout-flow\" style=\"flex-basis:33.33%\">\n<h2 class=\"wp-block-heading has-text-align-center red-splash-btm has-nv-text-dark-bg-color has-text-color\">3\u00a0millones de habitantes de Washington empezar\u00e1n pronto a obtener beneficios de WA Cares, garantizando que las personas que trabajan reciban la atenci\u00f3n domiciliaria necesaria<\/h2>\n<\/div>\n\n\n\n<div class=\"wp-block-column is-vertically-aligned-center is-layout-flow wp-block-column-is-layout-flow\" style=\"flex-basis:66.66%\">\n<p class=\"has-nv-text-dark-bg-color has-text-color\"> En alg\u00fan momento de nuestras vidas, el 70\u00a0% de los habitantes de Washington necesitar\u00e1 atenci\u00f3n a largo plazo. Necesitaremos ayuda con asuntos como las comidas, los quehaceres y las tareas diarias. <\/p>\n\n\n\n<p class=\"has-nv-text-dark-bg-color has-text-color has-link-color wp-elements-962e1d738bde5470d8f31454ffb2f8d2\">Gracias al <span style=\"color: var(--nv-site-bg);\" class=\"stk-highlight\"><a href=\"https:\/\/wecareforwacares.org\/es\/wa-cares-fund\/\">WA Cares Fund<\/a><\/span><span style=\"color: var(--nv-text-dark-bg);\" class=\"stk-highlight\">,<\/span> los trabajadores de Washington pueden acceder a una atenci\u00f3n a largo plazo asequible en su domicilio a trav\u00e9s del programa del estado de Washington.<\/p>\n\n\n\n<p class=\"has-nv-text-dark-bg-color has-text-color\">\u00danase a miles de habitantes de Washington y muestre hoy mismo su apoyo a WA Cares. <\/p>\n<\/div>\n<\/div>\n<\/div>\n\n<div class=\"wp-block-group alignfull is-layout-constrained wp-block-group-is-layout-constrained\" style=\"padding-top:var(--wp--preset--spacing--70);padding-bottom:var(--wp--preset--spacing--70)\">\n<div class=\"wp-block-columns is-layout-flex wp-container-core-columns-is-layout-28f84493 wp-block-columns-is-layout-flex\">\n<div class=\"wp-block-column is-layout-flow wp-block-column-is-layout-flow\">\n<div id=\"wsd-root\" class=\"spkactionform\"><\/div><script src=\"https:\/\/seiu775.app.sparkinfluence.net\/assets\/js\/widget.js\/?id=1498\" async=\"\" type=\"text\/javascript\"><\/script>\n<\/div>\n\n\n\n<div class=\"wp-block-column is-vertically-aligned-center is-layout-flow wp-block-column-is-layout-flow\">\n<p>Estamos a favor del WA Cares Fund y del acceso a una atenci\u00f3n a largo plazo asequible en casa. Los beneficios de WA Cares nos permitir\u00e1n a nosotros y a mis vecinos recibir ayuda en nuestro domicilio cuando nos lesionemos o enfermemos gravemente.<\/p>\n\n\n\n<p>Sin WA Cares, no tendremos acceso a la atenci\u00f3n a largo plazo en nuestro domicilio. No podremos permitirnos un seguro privado caro. <\/p>\n\n\n\n<p>Cuando surja lo inesperado, los beneficios de WA Cares nos permitir\u00e1n recibir atenci\u00f3n domiciliaria de alguien que conocemos y en quien confiamos. Tambi\u00e9n podemos utilizar los fondos para contratar a un asistente de atenci\u00f3n domiciliaria. Nos da la opci\u00f3n de no tener que depender de Medicaid cuando estemos gravemente enfermos o lesionados.<\/p>\n\n\n\n<p>WA Cares es un modelo nacional para proporcionarles a los trabajadores los servicios de atenci\u00f3n que necesitan cuando se lesionan, enferman o envejecen, y est\u00e1 siendo objeto de inspiraci\u00f3n para otros estados de todo el pa\u00eds.<\/p>\n\n\n\n<p>Apoyamos WA Cares y a los trabajadores de Washington. Al proteger la WA Cares Act (Ley WA Cares) estamos protegiendo a Washington y a nuestras familias.<\/p>\n<\/div>\n<\/div>\n<\/div>\n\n<div class=\"wp-block-group alignfull has-neve-link-hover-color-background-color has-background is-layout-constrained wp-container-core-group-is-layout-2f7ba350 wp-block-group-is-layout-constrained\" style=\"padding-top:var(--wp--preset--spacing--50);padding-right:0;padding-bottom:var(--wp--preset--spacing--60)\">\n<h3 class=\"wp-block-heading has-nv-text-dark-bg-color has-text-color has-link-color wp-elements-0936d118833ddb0e53abac47a8e52f7c\"><a href=\"https:\/\/wecareforwacares.org\/es\/wa-cares-benefits\/\">Escuche las historias de los trabajadores de Washington como Alyssa, y obtenga informaci\u00f3n sobre c\u00f3mo el WA Cares Fund est\u00e1 ayudando a su familia<\/a><\/h3>\n\n\n\n<div class=\"wp-block-columns is-layout-flex wp-container-core-columns-is-layout-28f84493 wp-block-columns-is-layout-flex\">\n<div class=\"wp-block-column is-vertically-aligned-center is-layout-flow wp-block-column-is-layout-flow\">\n<p class=\"has-nv-text-dark-bg-color has-text-color has-link-color wp-elements-4b30ac9075195730c53d8f6dadc002f8\">La WA Cares Act (Ley WA Cares) garantiza que los trabajadores de Washington tengan acceso a un seguro de atenci\u00f3n a largo plazo asequible, para que podamos recibir la atenci\u00f3n que necesitamos, cuando sea necesario. Conozca c\u00f3mo personas como Alyssa estar\u00e1n <a href=\"https:\/\/wecareforwacares.org\/es\/wa-cares-benefits\/\">cubiertas por WA Cares<\/a>.<\/p>\n<\/div>\n\n\n\n<div class=\"wp-block-column is-layout-flow wp-block-column-is-layout-flow\">\n<figure class=\"wp-block-image size-large img-shadow\"><a href=\"https:\/\/wecareforwacares.org\/wa-cares-taking-care-washington\/\"><img loading=\"lazy\" decoding=\"async\" width=\"1024\" height=\"576\" src=\"https:\/\/wecareforwacares.org\/wp-content\/uploads\/2023\/05\/WA-Cares-Act-Alyssa-home-care-support-1024x576.jpeg\" alt=\"Alyssa, defensora de la WA Cares Act (Ley WA Cares), sonr&#xED;e y mira a la c&#xE1;mara. Es una mujer de raza blanca de aproximadamente 40&#xA0;a&#xF1;os con tatuajes en los brazos y el cabello casta&#xF1;o hasta los hombros. Usa una camiseta morada con rayas blancas en las mangas y est&#xE1; sentada con las manos cruzadas. Sobre la mesa hay una tetera amarilla, una taza amarilla y una pila de libros. \" class=\"wp-image-1261\" srcset=\"https:\/\/wecareforwacares.org\/wp-content\/uploads\/2023\/05\/WA-Cares-Act-Alyssa-home-care-support-1024x576.jpeg 1024w, https:\/\/wecareforwacares.org\/wp-content\/uploads\/2023\/05\/WA-Cares-Act-Alyssa-home-care-support-300x169.jpeg 300w, https:\/\/wecareforwacares.org\/wp-content\/uploads\/2023\/05\/WA-Cares-Act-Alyssa-home-care-support-768x432.jpeg 768w, https:\/\/wecareforwacares.org\/wp-content\/uploads\/2023\/05\/WA-Cares-Act-Alyssa-home-care-support.jpeg 1200w\" sizes=\"auto, (max-width: 1024px) 100vw, 1024px\" \/><\/a><\/figure>\n<\/div>\n<\/div>\n<\/div>\n","protected":false},"excerpt":{"rendered":"<p>Mant\u00e9ngase actualizado sobre la WA Cares Act (Ley WA Cares) 3\u00a0millones de habitantes de Washington empezar\u00e1n pronto a obtener beneficios de WA Cares, garantizando que las personas que trabajan reciban la atenci\u00f3n domiciliaria necesaria En alg\u00fan momento de nuestras vidas, el 70\u00a0% de los habitantes de Washington necesitar\u00e1 atenci\u00f3n a largo plazo. Necesitaremos ayuda con&hellip;&nbsp;<\/p>\n","protected":false},"author":2,"featured_media":0,"parent":0,"menu_order":0,"comment_status":"closed","ping_status":"closed","template":"","meta":{"inline_featured_image":false,"neve_meta_sidebar":"","neve_meta_container":"","neve_meta_enable_content_width":"","neve_meta_content_width":0,"neve_meta_title_alignment":"","neve_meta_author_avatar":"","neve_post_elements_order":"","neve_meta_disable_header":"","neve_meta_disable_footer":"","neve_meta_disable_title":"","neve_meta_reading_time":"","footnotes":""},"class_list":["post-2888","page","type-page","status-publish","hentry"],"yoast_head":"<!-- This site is optimized with the Yoast SEO plugin v27.5 - https:\/\/yoast.com\/product\/yoast-seo-wordpress\/ -->\n<title>WA Cares | We Care For WA Cares<\/title>\n<meta name=\"description\" content=\"Apoyamos la WA Cares Act (Ley WA Cares) y que se garantice que los trabajadores de Washington tengan acceso a una atenci\u00f3n asequible a largo plazo.\" \/>\n<meta name=\"robots\" content=\"index, follow, max-snippet:-1, max-image-preview:large, max-video-preview:-1\" \/>\n<link rel=\"canonical\" href=\"https:\/\/wecareforwacares.org\/es\/wa-cares-act\/\" \/>\n<meta property=\"og:locale\" content=\"es_ES\" \/>\n<meta property=\"og:type\" content=\"article\" \/>\n<meta property=\"og:title\" content=\"WA Cares | We Care For WA Cares\" \/>\n<meta property=\"og:description\" content=\"Apoyo la WA Cares Act (Ley WA Cares) y que se garantice que los trabajadores de Washington tengan acceso a una atenci\u00f3n asequible a largo plazo.\" \/>\n<meta property=\"og:url\" content=\"https:\/\/wecareforwacares.org\/es\/wa-cares-act\/\" \/>\n<meta property=\"og:site_name\" content=\"We Care for WA Cares\" \/>\n<meta property=\"article:publisher\" content=\"https:\/\/www.facebook.com\/WeCareForWACares\" \/>\n<meta property=\"article:modified_time\" content=\"2023-07-07T14:00:43+00:00\" \/>\n<meta property=\"og:image\" content=\"https:\/\/wecareforwacares.org\/wp-content\/uploads\/2023\/05\/WA-Cares-Act-smiling-couple-scaled.jpeg\" \/>\n<meta name=\"twitter:card\" content=\"summary_large_image\" \/>\n<meta name=\"twitter:title\" content=\"WA Cares Act (Ley WA Cares)\" \/>\n<meta name=\"twitter:description\" content=\"Apoyo la WA Cares Act (Ley WA Cares) y que se garantice que los trabajadores de Washington tengan acceso a una atenci\u00f3n asequible a largo plazo.\" \/>\n<meta name=\"twitter:site\" content=\"@WeCare4WACares\" \/>\n<meta name=\"twitter:label1\" content=\"Tiempo de lectura\" \/>\n\t<meta name=\"twitter:data1\" content=\"2 minutos\" \/>\n<script type=\"application\/ld+json\" class=\"yoast-schema-graph\">{\"@context\":\"https:\\\/\\\/schema.org\",\"@graph\":[{\"@type\":\"WebPage\",\"@id\":\"https:\\\/\\\/wecareforwacares.org\\\/es\\\/wa-cares-act\\\/\",\"url\":\"https:\\\/\\\/wecareforwacares.org\\\/es\\\/wa-cares-act\\\/\",\"name\":\"WA Cares | We Care For WA Cares\",\"isPartOf\":{\"@id\":\"https:\\\/\\\/wecareforwacares.org\\\/#website\"},\"primaryImageOfPage\":{\"@id\":\"https:\\\/\\\/wecareforwacares.org\\\/es\\\/wa-cares-act\\\/#primaryimage\"},\"image\":{\"@id\":\"https:\\\/\\\/wecareforwacares.org\\\/es\\\/wa-cares-act\\\/#primaryimage\"},\"thumbnailUrl\":\"https:\\\/\\\/wecareforwacares.org\\\/wp-content\\\/uploads\\\/2023\\\/05\\\/WA-Cares-Act-smiling-couple-scaled.jpeg\",\"datePublished\":\"2023-05-03T18:13:15+00:00\",\"dateModified\":\"2023-07-07T14:00:43+00:00\",\"description\":\"Apoyamos la WA Cares Act (Ley WA Cares) y que se garantice que los trabajadores de Washington tengan acceso a una atenci\u00f3n asequible a largo plazo.\",\"breadcrumb\":{\"@id\":\"https:\\\/\\\/wecareforwacares.org\\\/es\\\/wa-cares-act\\\/#breadcrumb\"},\"inLanguage\":\"es\",\"potentialAction\":[{\"@type\":\"ReadAction\",\"target\":[\"https:\\\/\\\/wecareforwacares.org\\\/es\\\/wa-cares-act\\\/\"]}]},{\"@type\":\"ImageObject\",\"inLanguage\":\"es\",\"@id\":\"https:\\\/\\\/wecareforwacares.org\\\/es\\\/wa-cares-act\\\/#primaryimage\",\"url\":\"https:\\\/\\\/wecareforwacares.org\\\/wp-content\\\/uploads\\\/2023\\\/05\\\/WA-Cares-Act-smiling-couple-scaled.jpeg\",\"contentUrl\":\"https:\\\/\\\/wecareforwacares.org\\\/wp-content\\\/uploads\\\/2023\\\/05\\\/WA-Cares-Act-smiling-couple-scaled.jpeg\"},{\"@type\":\"BreadcrumbList\",\"@id\":\"https:\\\/\\\/wecareforwacares.org\\\/es\\\/wa-cares-act\\\/#breadcrumb\",\"itemListElement\":[{\"@type\":\"ListItem\",\"position\":1,\"name\":\"Home\",\"item\":\"https:\\\/\\\/wecareforwacares.org\\\/\"},{\"@type\":\"ListItem\",\"position\":2,\"name\":\"WA Cares Act (Ley WA Cares)\"}]},{\"@type\":\"WebSite\",\"@id\":\"https:\\\/\\\/wecareforwacares.org\\\/#website\",\"url\":\"https:\\\/\\\/wecareforwacares.org\\\/\",\"name\":\"We Care for WA Cares\",\"description\":\"70% of us will need long-term care\",\"publisher\":{\"@id\":\"https:\\\/\\\/wecareforwacares.org\\\/#organization\"},\"alternateName\":\"We Care for WA Cares\",\"potentialAction\":[{\"@type\":\"SearchAction\",\"target\":{\"@type\":\"EntryPoint\",\"urlTemplate\":\"https:\\\/\\\/wecareforwacares.org\\\/?s={search_term_string}\"},\"query-input\":{\"@type\":\"PropertyValueSpecification\",\"valueRequired\":true,\"valueName\":\"search_term_string\"}}],\"inLanguage\":\"es\"},{\"@type\":\"Organization\",\"@id\":\"https:\\\/\\\/wecareforwacares.org\\\/#organization\",\"name\":\"We Care for WA Caares\",\"alternateName\":\"We Care for WA Caares\",\"url\":\"https:\\\/\\\/wecareforwacares.org\\\/\",\"logo\":{\"@type\":\"ImageObject\",\"inLanguage\":\"es\",\"@id\":\"https:\\\/\\\/wecareforwacares.org\\\/#\\\/schema\\\/logo\\\/image\\\/\",\"url\":\"https:\\\/\\\/wecareforwacares.org\\\/wp-content\\\/uploads\\\/2023\\\/05\\\/we-care-for-wa-cares-logo.jpg\",\"contentUrl\":\"https:\\\/\\\/wecareforwacares.org\\\/wp-content\\\/uploads\\\/2023\\\/05\\\/we-care-for-wa-cares-logo.jpg\",\"width\":700,\"height\":700,\"caption\":\"We Care for WA Caares\"},\"image\":{\"@id\":\"https:\\\/\\\/wecareforwacares.org\\\/#\\\/schema\\\/logo\\\/image\\\/\"},\"sameAs\":[\"https:\\\/\\\/www.facebook.com\\\/WeCareForWACares\",\"https:\\\/\\\/x.com\\\/WeCare4WACares\",\"https:\\\/\\\/www.youtube.com\\\/channel\\\/UCICpxHAJPKocRrFM3WErRXw\",\"https:\\\/\\\/www.instagram.com\\\/wecare4wacares\\\/\"]}]}<\/script>\n<!-- \/ Yoast SEO plugin. -->","yoast_head_json":{"title":"WA Cares | We Care For WA Cares","description":"Apoyamos la WA Cares Act (Ley WA Cares) y que se garantice que los trabajadores de Washington tengan acceso a una atenci\u00f3n asequible a largo plazo.","robots":{"index":"index","follow":"follow","max-snippet":"max-snippet:-1","max-image-preview":"max-image-preview:large","max-video-preview":"max-video-preview:-1"},"canonical":"https:\/\/wecareforwacares.org\/es\/wa-cares-act\/","og_locale":"es_ES","og_type":"article","og_title":"WA Cares | We Care For WA Cares","og_description":"Apoyo la WA Cares Act (Ley WA Cares) y que se garantice que los trabajadores de Washington tengan acceso a una atenci\u00f3n asequible a largo plazo.","og_url":"https:\/\/wecareforwacares.org\/es\/wa-cares-act\/","og_site_name":"We Care for WA Cares","article_publisher":"https:\/\/www.facebook.com\/WeCareForWACares","article_modified_time":"2023-07-07T14:00:43+00:00","og_image":[{"url":"https:\/\/wecareforwacares.org\/wp-content\/uploads\/2023\/05\/WA-Cares-Act-smiling-couple-scaled.jpeg","type":"","width":"","height":""}],"twitter_card":"summary_large_image","twitter_title":"WA Cares Act (Ley WA Cares)","twitter_description":"Apoyo la WA Cares Act (Ley WA Cares) y que se garantice que los trabajadores de Washington tengan acceso a una atenci\u00f3n asequible a largo plazo.","twitter_site":"@WeCare4WACares","twitter_misc":{"Tiempo de lectura":"2 minutos"},"schema":{"@context":"https:\/\/schema.org","@graph":[{"@type":"WebPage","@id":"https:\/\/wecareforwacares.org\/es\/wa-cares-act\/","url":"https:\/\/wecareforwacares.org\/es\/wa-cares-act\/","name":"WA Cares | We Care For WA Cares","isPartOf":{"@id":"https:\/\/wecareforwacares.org\/#website"},"primaryImageOfPage":{"@id":"https:\/\/wecareforwacares.org\/es\/wa-cares-act\/#primaryimage"},"image":{"@id":"https:\/\/wecareforwacares.org\/es\/wa-cares-act\/#primaryimage"},"thumbnailUrl":"https:\/\/wecareforwacares.org\/wp-content\/uploads\/2023\/05\/WA-Cares-Act-smiling-couple-scaled.jpeg","datePublished":"2023-05-03T18:13:15+00:00","dateModified":"2023-07-07T14:00:43+00:00","description":"Apoyamos la WA Cares Act (Ley WA Cares) y que se garantice que los trabajadores de Washington tengan acceso a una atenci\u00f3n asequible a largo plazo.","breadcrumb":{"@id":"https:\/\/wecareforwacares.org\/es\/wa-cares-act\/#breadcrumb"},"inLanguage":"es","potentialAction":[{"@type":"ReadAction","target":["https:\/\/wecareforwacares.org\/es\/wa-cares-act\/"]}]},{"@type":"ImageObject","inLanguage":"es","@id":"https:\/\/wecareforwacares.org\/es\/wa-cares-act\/#primaryimage","url":"https:\/\/wecareforwacares.org\/wp-content\/uploads\/2023\/05\/WA-Cares-Act-smiling-couple-scaled.jpeg","contentUrl":"https:\/\/wecareforwacares.org\/wp-content\/uploads\/2023\/05\/WA-Cares-Act-smiling-couple-scaled.jpeg"},{"@type":"BreadcrumbList","@id":"https:\/\/wecareforwacares.org\/es\/wa-cares-act\/#breadcrumb","itemListElement":[{"@type":"ListItem","position":1,"name":"Home","item":"https:\/\/wecareforwacares.org\/"},{"@type":"ListItem","position":2,"name":"WA Cares Act (Ley WA Cares)"}]},{"@type":"WebSite","@id":"https:\/\/wecareforwacares.org\/#website","url":"https:\/\/wecareforwacares.org\/","name":"We Care for WA Cares","description":"70% of us will need long-term care","publisher":{"@id":"https:\/\/wecareforwacares.org\/#organization"},"alternateName":"We Care for WA Cares","potentialAction":[{"@type":"SearchAction","target":{"@type":"EntryPoint","urlTemplate":"https:\/\/wecareforwacares.org\/?s={search_term_string}"},"query-input":{"@type":"PropertyValueSpecification","valueRequired":true,"valueName":"search_term_string"}}],"inLanguage":"es"},{"@type":"Organization","@id":"https:\/\/wecareforwacares.org\/#organization","name":"We Care for WA Caares","alternateName":"We Care for WA Caares","url":"https:\/\/wecareforwacares.org\/","logo":{"@type":"ImageObject","inLanguage":"es","@id":"https:\/\/wecareforwacares.org\/#\/schema\/logo\/image\/","url":"https:\/\/wecareforwacares.org\/wp-content\/uploads\/2023\/05\/we-care-for-wa-cares-logo.jpg","contentUrl":"https:\/\/wecareforwacares.org\/wp-content\/uploads\/2023\/05\/we-care-for-wa-cares-logo.jpg","width":700,"height":700,"caption":"We Care for WA Caares"},"image":{"@id":"https:\/\/wecareforwacares.org\/#\/schema\/logo\/image\/"},"sameAs":["https:\/\/www.facebook.com\/WeCareForWACares","https:\/\/x.com\/WeCare4WACares","https:\/\/www.youtube.com\/channel\/UCICpxHAJPKocRrFM3WErRXw","https:\/\/www.instagram.com\/wecare4wacares\/"]}]}},"_links":{"self":[{"href":"https:\/\/wecareforwacares.org\/es\/wp-json\/wp\/v2\/pages\/2888","targetHints":{"allow":["GET"]}}],"collection":[{"href":"https:\/\/wecareforwacares.org\/es\/wp-json\/wp\/v2\/pages"}],"about":[{"href":"https:\/\/wecareforwacares.org\/es\/wp-json\/wp\/v2\/types\/page"}],"author":[{"embeddable":true,"href":"https:\/\/wecareforwacares.org\/es\/wp-json\/wp\/v2\/users\/2"}],"replies":[{"embeddable":true,"href":"https:\/\/wecareforwacares.org\/es\/wp-json\/wp\/v2\/comments?post=2888"}],"version-history":[{"count":3,"href":"https:\/\/wecareforwacares.org\/es\/wp-json\/wp\/v2\/pages\/2888\/revisions"}],"predecessor-version":[{"id":3031,"href":"https:\/\/wecareforwacares.org\/es\/wp-json\/wp\/v2\/pages\/2888\/revisions\/3031"}],"wp:attachment":[{"href":"https:\/\/wecareforwacares.org\/es\/wp-json\/wp\/v2\/media?parent=2888"}],"curies":[{"name":"wp","href":"https:\/\/api.w.org\/{rel}","templated":true}]}}