{"id":2893,"date":"2023-05-03T18:21:33","date_gmt":"2023-05-03T18:21:33","guid":{"rendered":"https:\/\/wecareforwacares.org\/comuniquese-con-nosotros\/"},"modified":"2023-10-03T01:33:12","modified_gmt":"2023-10-03T01:33:12","slug":"contact-us-wa-cares","status":"publish","type":"page","link":"https:\/\/wecareforwacares.org\/es\/contact-us-wa-cares\/","title":{"rendered":"Comun\u00edquese con nosotros"},"content":{"rendered":"\n<h1 class=\"wp-block-heading has-nv-dark-bg-color has-text-color\">Comun\u00edquese con We Care For WA Cares<\/h1>\n\n<div class=\"wp-block-columns is-layout-flex wp-container-core-columns-is-layout-28f84493 wp-block-columns-is-layout-flex\">\n<div class=\"wp-block-column is-layout-flow wp-block-column-is-layout-flow\">\n<p>We Care for WA Cares es una coalici\u00f3n de organizaciones de cuidado m\u00e9dico y de trabajadores de Washington que apoya a WA Cares. <\/p>\n\n\n\n<p>\u00bfTiene alguna pregunta sobre WA Cares o la Coalici\u00f3n We Care for WA Cares? Comun\u00edquese con nosotros a trav\u00e9s del siguiente formulario.<\/p>\n\n\n\n<div id=\"wsd-root\" class=\"spkactionform\"><\/div><script src=\"https:\/\/seiu775.app.sparkinfluence.net\/assets\/js\/widget.js\/?id=2949\" async=\"\" type=\"text\/javascript\"><\/script>\r\n\n\n\n<p class=\"has-link-color wp-elements-27150b1634c5c92b5b2af81e14050172\">Tambi\u00e9n puede enviarnos un <a href=\"mailto:Contact.Us@WeCareForWaCares.org\" target=\"_blank\" rel=\"noreferrer noopener\">correo electr\u00f3nico haciendo clic aqu\u00ed<\/a>.\u00a0<\/p>\n<\/div>\n\n\n\n<div class=\"wp-block-column is-vertically-aligned-center is-layout-flow wp-block-column-is-layout-flow\">\n<figure class=\"wp-block-image size-large img-shadow\"><img loading=\"lazy\" decoding=\"async\" width=\"1024\" height=\"683\" src=\"https:\/\/wecareforwacares.org\/wp-content\/uploads\/2023\/05\/Contact-WA-Cares-1024x683.jpeg\" alt=\"Un hombre de raza negra, con el cabello corto, usa gafas y est&#xE1; sentado frente a su computadora port&#xE1;til en la mesa de la cocina. Tiene un l&#xE1;piz en la mano derecha. Est&#xE1; utilizando su tel&#xE9;fono en la mano izquierda y lo est&#xE1; mirando. Delante de &#xE9;l, alrededor de su computadora port&#xE1;til, hay papeles y calculadoras sobre la mesa. Detr&#xE1;s de &#xE9;l hay una persona de raza negra, con el cabello largo, apoyada contra la encimera de la cocina. Detr&#xE1;s hay una tetera.  \" class=\"wp-image-1269\" srcset=\"https:\/\/wecareforwacares.org\/wp-content\/uploads\/2023\/05\/Contact-WA-Cares-1024x683.jpeg 1024w, https:\/\/wecareforwacares.org\/wp-content\/uploads\/2023\/05\/Contact-WA-Cares-300x200.jpeg 300w, https:\/\/wecareforwacares.org\/wp-content\/uploads\/2023\/05\/Contact-WA-Cares-768x512.jpeg 768w, https:\/\/wecareforwacares.org\/wp-content\/uploads\/2023\/05\/Contact-WA-Cares-1536x1024.jpeg 1536w, https:\/\/wecareforwacares.org\/wp-content\/uploads\/2023\/05\/Contact-WA-Cares-2048x1365.jpeg 2048w, https:\/\/wecareforwacares.org\/wp-content\/uploads\/2023\/05\/Contact-WA-Cares-930x620.jpeg 930w\" sizes=\"auto, (max-width: 1024px) 100vw, 1024px\" \/><\/figure>\n\n\n\n<div class=\"wp-block-buttons is-content-justification-center is-layout-flex wp-container-core-buttons-is-layout-d62ed776 wp-block-buttons-is-layout-flex\" style=\"margin-top:var(--wp--preset--spacing--40);margin-bottom:var(--wp--preset--spacing--50)\">\n<div class=\"wp-block-button is-style-primary\"><a class=\"wp-block-button__link wp-element-button\" href=\"https:\/\/wecareforwacares.org\/es\/acerca-de-wa-cares\/\">Obtenga m\u00e1s informaci\u00f3n sobre WA Cares<\/a><\/div>\n<\/div>\n<\/div>\n<\/div>\n\n<div class=\"wp-block-group alignfull lt-blue-wc-bg has-nv-c-1-background-color has-background is-layout-constrained wp-block-group-is-layout-constrained\" style=\"padding-top:var(--wp--preset--spacing--50);padding-bottom:var(--wp--preset--spacing--60)\">\n<h2 class=\"wp-block-heading has-nv-dark-bg-color has-text-color\">\u00bfLe Interesa Unirse a La Coalici\u00f3n de We Care For WA Cares?<\/h2>\n\n\n\n<p>\u00bfUsted es un trabajador, proveedor de cuidado m\u00e9dico, jubilado o defensor de Washington que quiere apoyar el acceso al cuidado a largo plazo en Washington? <\/p>\n\n\n\n<p class=\"has-link-color wp-elements-5a1c5c1b821134325123c144dd3f1e4f\"><span data-sheets-value=\"{&quot;1&quot;:2,&quot;2&quot;:&quot;Porfavor mandenos por correo electr&#xF3;nico el nombre y los datos de su organizaci&#xF3;n a Contact.Us@WeCareForWaCares.org, y nos pondremos en contacto con usted en breve.&quot;}\" data-sheets-userformat=\"{&quot;2&quot;:513,&quot;3&quot;:{&quot;1&quot;:0},&quot;12&quot;:0}\">Por favor m\u00e1ndenos por correo electr\u00f3nico el nombre y los datos de su organizaci\u00f3n a <\/span>\u00a0<a href=\"mailto:Contact.Us@WeCareForWaCares.org\" target=\"_blank\" rel=\"noreferrer noopener\">Contact.Us@WeCareForWaCares.org<\/a>, <span data-sheets-value=\"{&quot;1&quot;:2,&quot;2&quot;:&quot;Porfavor mandenos por correo electr&#xF3;nico el nombre y los datos de su organizaci&#xF3;n a Contact.Us@WeCareForWaCares.org, y nos pondremos en contacto con usted en breve.&quot;}\" data-sheets-userformat=\"{&quot;2&quot;:513,&quot;3&quot;:{&quot;1&quot;:0},&quot;12&quot;:0}\"> y nos pondremos en contacto con usted en breve.<\/span><\/p>\n<\/div>\n\n<div class=\"wp-block-group alignfull has-nv-text-dark-bg-background-color has-background is-layout-constrained wp-container-core-group-is-layout-0cdfb682 wp-block-group-is-layout-constrained\" style=\"padding-top:var(--wp--preset--spacing--50);padding-right:0;padding-bottom:var(--wp--preset--spacing--60);padding-left:0\">\n<h2 class=\"wp-block-heading has-text-align-center has-nv-dark-bg-color has-text-color\">Coalici\u00f3n We Care for WA Cares<\/h2>\n\n\n\n<div class=\"wp-block-columns alignwide coalition-container is-layout-flex wp-container-core-columns-is-layout-28f84493 wp-block-columns-is-layout-flex\">\n<div class=\"wp-block-column coalition-column is-layout-flow wp-block-column-is-layout-flow\">\n<figure class=\"wp-block-image size-large coalition-logo\"><a href=\"https:\/\/seiu775.org\/\" target=\"_blank\" rel=\"noreferrer noopener\"><img loading=\"lazy\" decoding=\"async\" width=\"1024\" height=\"1024\" src=\"https:\/\/wecareforwacares.org\/wp-content\/uploads\/2023\/05\/SEIU-775-logo-1024x1024.webp\" alt=\"Logotipo de SEIU&#xA0;775. SEIU&#xA0;775 aparece en letras blancas sobre un fondo morado bajo un dise&#xF1;o amarillo de SEIU.\" class=\"wp-image-1319\" srcset=\"https:\/\/wecareforwacares.org\/wp-content\/uploads\/2023\/05\/SEIU-775-logo-1024x1024.webp 1024w, https:\/\/wecareforwacares.org\/wp-content\/uploads\/2023\/05\/SEIU-775-logo-300x300.webp 300w, https:\/\/wecareforwacares.org\/wp-content\/uploads\/2023\/05\/SEIU-775-logo-150x150.webp 150w, https:\/\/wecareforwacares.org\/wp-content\/uploads\/2023\/05\/SEIU-775-logo-768x768.webp 768w, https:\/\/wecareforwacares.org\/wp-content\/uploads\/2023\/05\/SEIU-775-logo-1536x1536.webp 1536w, https:\/\/wecareforwacares.org\/wp-content\/uploads\/2023\/05\/SEIU-775-logo.webp 2025w\" sizes=\"auto, (max-width: 1024px) 100vw, 1024px\" \/><\/a><\/figure>\n\n\n\n<figure class=\"wp-block-image size-large coalition-logo\"><a href=\"https:\/\/www.nationalmssociety.org\/\" target=\"_blank\" rel=\"noreferrer noopener\"><img loading=\"lazy\" decoding=\"async\" width=\"1024\" height=\"1024\" src=\"https:\/\/wecareforwacares.org\/wp-content\/uploads\/2023\/05\/National-MS-Society-Logo-1024x1024.webp\" alt=\"Logotipo de la National Multiple Sclerosis Society. Se traza una l&#xED;nea negra sobre las letras &#x201C;MS&#x201D; de color naranja. Debajo est&#xE1; escrito &#x201C;National Multiple Sclerosis Society&#x201D;.\" class=\"wp-image-1327\" srcset=\"https:\/\/wecareforwacares.org\/wp-content\/uploads\/2023\/05\/National-MS-Society-Logo-1024x1024.webp 1024w, https:\/\/wecareforwacares.org\/wp-content\/uploads\/2023\/05\/National-MS-Society-Logo-300x300.webp 300w, https:\/\/wecareforwacares.org\/wp-content\/uploads\/2023\/05\/National-MS-Society-Logo-150x150.webp 150w, https:\/\/wecareforwacares.org\/wp-content\/uploads\/2023\/05\/National-MS-Society-Logo-768x768.webp 768w, https:\/\/wecareforwacares.org\/wp-content\/uploads\/2023\/05\/National-MS-Society-Logo-1536x1536.webp 1536w, https:\/\/wecareforwacares.org\/wp-content\/uploads\/2023\/05\/National-MS-Society-Logo.webp 2025w\" sizes=\"auto, (max-width: 1024px) 100vw, 1024px\" \/><\/a><\/figure>\n\n\n\n<figure class=\"wp-block-image size-large coalition-logo\"><a href=\"https:\/\/budgetandpolicy.org\/\" target=\"_blank\" rel=\"noreferrer noopener\"><img loading=\"lazy\" decoding=\"async\" width=\"1024\" height=\"1024\" src=\"https:\/\/wecareforwacares.org\/wp-content\/uploads\/2023\/05\/WA-State-Budget-_-Policy-Center-logo-1024x1024.webp\" alt=\"Logotipo del Washington State Budget &amp; Policy Center. Un cuadrado de color azul marino con un texto blanco en su interior que dice &#x201C;Washington State Budget &amp; Policy Center&#x201D;\" class=\"wp-image-1336\" srcset=\"https:\/\/wecareforwacares.org\/wp-content\/uploads\/2023\/05\/WA-State-Budget-_-Policy-Center-logo-1024x1024.webp 1024w, https:\/\/wecareforwacares.org\/wp-content\/uploads\/2023\/05\/WA-State-Budget-_-Policy-Center-logo-300x300.webp 300w, https:\/\/wecareforwacares.org\/wp-content\/uploads\/2023\/05\/WA-State-Budget-_-Policy-Center-logo-150x150.webp 150w, https:\/\/wecareforwacares.org\/wp-content\/uploads\/2023\/05\/WA-State-Budget-_-Policy-Center-logo-768x768.webp 768w, https:\/\/wecareforwacares.org\/wp-content\/uploads\/2023\/05\/WA-State-Budget-_-Policy-Center-logo.webp 1080w\" sizes=\"auto, (max-width: 1024px) 100vw, 1024px\" \/><\/a><\/figure>\n<\/div>\n\n\n\n<div class=\"wp-block-column coalition-column is-layout-flow wp-block-column-is-layout-flow\">\n<figure class=\"wp-block-image size-large coalition-logo\"><a href=\"https:\/\/www.aarp.org\/\" target=\"_blank\" rel=\"noreferrer noopener\"><img loading=\"lazy\" decoding=\"async\" width=\"1024\" height=\"1024\" src=\"https:\/\/wecareforwacares.org\/wp-content\/uploads\/2023\/05\/AARP-logo-1024x1024.webp\" alt=\"Logotipo de AARP en rojo. El texto en rojo dice &#x201C;AARP&#x201D;.\" class=\"wp-image-1321\" srcset=\"https:\/\/wecareforwacares.org\/wp-content\/uploads\/2023\/05\/AARP-logo-1024x1024.webp 1024w, https:\/\/wecareforwacares.org\/wp-content\/uploads\/2023\/05\/AARP-logo-300x300.webp 300w, https:\/\/wecareforwacares.org\/wp-content\/uploads\/2023\/05\/AARP-logo-150x150.webp 150w, https:\/\/wecareforwacares.org\/wp-content\/uploads\/2023\/05\/AARP-logo-768x768.webp 768w, https:\/\/wecareforwacares.org\/wp-content\/uploads\/2023\/05\/AARP-logo-1536x1536.webp 1536w, https:\/\/wecareforwacares.org\/wp-content\/uploads\/2023\/05\/AARP-logo.webp 2025w\" sizes=\"auto, (max-width: 1024px) 100vw, 1024px\" \/><\/a><\/figure>\n\n\n\n<figure class=\"wp-block-image size-large coalition-logo\"><a href=\"https:\/\/www.lupus.org\/\" target=\"_blank\" rel=\"noreferrer noopener\"><img loading=\"lazy\" decoding=\"async\" width=\"1024\" height=\"1024\" src=\"https:\/\/wecareforwacares.org\/wp-content\/uploads\/2023\/05\/Lupus-Foundation-logo-1024x1024.webp\" alt=\"Logotipo de la Fundaci&#xF3;n Lupus de Estados Unidos. El texto en gris dice &#x201C;Help Us Solve The Cruel Mystery&#x201D;. El texto en morado dice &#x201C;LU?US&#x201D;. El texto en gris dice &#x201C;Foundation of America&#x201D;.\" class=\"wp-image-1329\" srcset=\"https:\/\/wecareforwacares.org\/wp-content\/uploads\/2023\/05\/Lupus-Foundation-logo-1024x1024.webp 1024w, https:\/\/wecareforwacares.org\/wp-content\/uploads\/2023\/05\/Lupus-Foundation-logo-300x300.webp 300w, https:\/\/wecareforwacares.org\/wp-content\/uploads\/2023\/05\/Lupus-Foundation-logo-150x150.webp 150w, https:\/\/wecareforwacares.org\/wp-content\/uploads\/2023\/05\/Lupus-Foundation-logo-768x768.webp 768w, https:\/\/wecareforwacares.org\/wp-content\/uploads\/2023\/05\/Lupus-Foundation-logo-1536x1536.webp 1536w, https:\/\/wecareforwacares.org\/wp-content\/uploads\/2023\/05\/Lupus-Foundation-logo.webp 2025w\" sizes=\"auto, (max-width: 1024px) 100vw, 1024px\" \/><\/a><\/figure>\n\n\n\n<figure class=\"wp-block-image size-large coalition-logo\"><img loading=\"lazy\" decoding=\"async\" width=\"1024\" height=\"1024\" src=\"https:\/\/wecareforwacares.org\/wp-content\/uploads\/2023\/05\/Leading-Age-Logo-1024x1024.webp\" alt=\"Logotipo de Leading Age Washington. Hay un coraz&#xF3;n verde alrededor de la &#x201C;e&#x201D; de Leading.\" class=\"wp-image-1338\" srcset=\"https:\/\/wecareforwacares.org\/wp-content\/uploads\/2023\/05\/Leading-Age-Logo-1024x1024.webp 1024w, https:\/\/wecareforwacares.org\/wp-content\/uploads\/2023\/05\/Leading-Age-Logo-300x300.webp 300w, https:\/\/wecareforwacares.org\/wp-content\/uploads\/2023\/05\/Leading-Age-Logo-150x150.webp 150w, https:\/\/wecareforwacares.org\/wp-content\/uploads\/2023\/05\/Leading-Age-Logo-768x768.webp 768w, https:\/\/wecareforwacares.org\/wp-content\/uploads\/2023\/05\/Leading-Age-Logo.webp 1080w\" sizes=\"auto, (max-width: 1024px) 100vw, 1024px\" \/><\/figure>\n<\/div>\n\n\n\n<div class=\"wp-block-column coalition-column is-layout-flow wp-block-column-is-layout-flow\">\n<figure class=\"wp-block-image size-large coalition-logo\"><a href=\"https:\/\/www.alz.org\/\" target=\"_blank\" rel=\"noreferrer noopener\"><img loading=\"lazy\" decoding=\"async\" width=\"1024\" height=\"1024\" src=\"https:\/\/wecareforwacares.org\/wp-content\/uploads\/2023\/05\/AlzheimerAssociation-logo-1024x1024.webp\" alt=\"Logotipo de la Alzheimers Association en morado. Un dise&#xF1;o circular en morado a la izquierda del texto en morado que dice &#x201C;Alzheimers Association&#x201D;.\" class=\"wp-image-1323\" srcset=\"https:\/\/wecareforwacares.org\/wp-content\/uploads\/2023\/05\/AlzheimerAssociation-logo-1024x1024.webp 1024w, https:\/\/wecareforwacares.org\/wp-content\/uploads\/2023\/05\/AlzheimerAssociation-logo-300x300.webp 300w, https:\/\/wecareforwacares.org\/wp-content\/uploads\/2023\/05\/AlzheimerAssociation-logo-150x150.webp 150w, https:\/\/wecareforwacares.org\/wp-content\/uploads\/2023\/05\/AlzheimerAssociation-logo-768x768.webp 768w, https:\/\/wecareforwacares.org\/wp-content\/uploads\/2023\/05\/AlzheimerAssociation-logo-1536x1536.webp 1536w, https:\/\/wecareforwacares.org\/wp-content\/uploads\/2023\/05\/AlzheimerAssociation-logo.webp 2025w\" sizes=\"auto, (max-width: 1024px) 100vw, 1024px\" \/><\/a><\/figure>\n\n\n\n<figure class=\"wp-block-image size-large coalition-logo\"><a href=\"https:\/\/casa-latina.org\/\" target=\"_blank\" rel=\"noreferrer noopener\"><img loading=\"lazy\" decoding=\"async\" width=\"1024\" height=\"1024\" src=\"https:\/\/wecareforwacares.org\/wp-content\/uploads\/2023\/05\/Casa-Latina-Logo-1024x1024.webp\" alt=\"Logotipo de Casa Latina. Texto en blanco que dice &#x201C;Casa Latina&#x201D; sobre un fondo de color rojo oscuro con forma de sol. Hay un libro blanco abierto debajo del texto, tambi&#xE9;n sobre el fondo de color rojo en forma de sol.\" class=\"wp-image-1332\" srcset=\"https:\/\/wecareforwacares.org\/wp-content\/uploads\/2023\/05\/Casa-Latina-Logo-1024x1024.webp 1024w, https:\/\/wecareforwacares.org\/wp-content\/uploads\/2023\/05\/Casa-Latina-Logo-300x300.webp 300w, https:\/\/wecareforwacares.org\/wp-content\/uploads\/2023\/05\/Casa-Latina-Logo-150x150.webp 150w, https:\/\/wecareforwacares.org\/wp-content\/uploads\/2023\/05\/Casa-Latina-Logo-768x768.webp 768w, https:\/\/wecareforwacares.org\/wp-content\/uploads\/2023\/05\/Casa-Latina-Logo.webp 1080w\" sizes=\"auto, (max-width: 1024px) 100vw, 1024px\" \/><\/a><\/figure>\n\n\n\n<figure class=\"wp-block-image size-large coalition-logo\"><img loading=\"lazy\" decoding=\"async\" width=\"1024\" height=\"1024\" src=\"https:\/\/wecareforwacares.org\/wp-content\/uploads\/2023\/05\/Washington-Health-Care-Association-Logo-1024x1024.webp\" alt=\"Logotipo de la Washington Health Care Association. En letras grandes de color azul se lee &#x201C;whca&#x201D; con el dibujo de un &#xE1;rbol a la derecha. Encima de las letras, en negro, hay una imagen predise&#xF1;ada de un tejado negro con un signo &#x201C;m&#xE1;s&#x201D; debajo. Debajo aparece el texto &#x201C;Washington Health Care Association&#x201D;.\" class=\"wp-image-1340\" srcset=\"https:\/\/wecareforwacares.org\/wp-content\/uploads\/2023\/05\/Washington-Health-Care-Association-Logo-1024x1024.webp 1024w, https:\/\/wecareforwacares.org\/wp-content\/uploads\/2023\/05\/Washington-Health-Care-Association-Logo-300x300.webp 300w, https:\/\/wecareforwacares.org\/wp-content\/uploads\/2023\/05\/Washington-Health-Care-Association-Logo-150x150.webp 150w, https:\/\/wecareforwacares.org\/wp-content\/uploads\/2023\/05\/Washington-Health-Care-Association-Logo-768x768.webp 768w, https:\/\/wecareforwacares.org\/wp-content\/uploads\/2023\/05\/Washington-Health-Care-Association-Logo-1536x1536.webp 1536w, https:\/\/wecareforwacares.org\/wp-content\/uploads\/2023\/05\/Washington-Health-Care-Association-Logo.webp 2025w\" sizes=\"auto, (max-width: 1024px) 100vw, 1024px\" \/><\/figure>\n<\/div>\n\n\n\n<div class=\"wp-block-column coalition-column is-layout-flow wp-block-column-is-layout-flow\">\n<figure class=\"wp-block-image size-large is-resized coalition-logo\"><a href=\"https:\/\/www.wpsr.org\/?gclid=CjwKCAjwge2iBhBBEiwAfXDBR7jZnCdi0CZnByQv9xRuUD2AV8AIrdyYeh-cMse4YrViQa7EIiNKiRoCiJ0QAvD_BwE\" target=\"_blank\" rel=\"noreferrer noopener\"><img loading=\"lazy\" decoding=\"async\" src=\"https:\/\/wecareforwacares.org\/wp-content\/uploads\/2023\/05\/Washington-Physicians-for-Social-Responsibility-logo-1024x1024.webp\" alt=\"Logotipo de Washington Physicians for Social Responsibility. Un dibujo del estado de Washington en verde oscuro, con una mano con un guante azul con la palma hacia arriba sosteniendo una paloma blanca junto a un tallo de hoja verde. Debajo hay un texto que dice &#x201C;Washington Physicians for Social Responsibility&#x201D;.\" class=\"wp-image-1325\" width=\"275\" height=\"275\" srcset=\"https:\/\/wecareforwacares.org\/wp-content\/uploads\/2023\/05\/Washington-Physicians-for-Social-Responsibility-logo-1024x1024.webp 1024w, https:\/\/wecareforwacares.org\/wp-content\/uploads\/2023\/05\/Washington-Physicians-for-Social-Responsibility-logo-300x300.webp 300w, https:\/\/wecareforwacares.org\/wp-content\/uploads\/2023\/05\/Washington-Physicians-for-Social-Responsibility-logo-150x150.webp 150w, https:\/\/wecareforwacares.org\/wp-content\/uploads\/2023\/05\/Washington-Physicians-for-Social-Responsibility-logo-768x768.webp 768w, https:\/\/wecareforwacares.org\/wp-content\/uploads\/2023\/05\/Washington-Physicians-for-Social-Responsibility-logo-1536x1536.webp 1536w, https:\/\/wecareforwacares.org\/wp-content\/uploads\/2023\/05\/Washington-Physicians-for-Social-Responsibility-logo.webp 2025w\" sizes=\"auto, (max-width: 275px) 100vw, 275px\" \/><\/a><\/figure>\n\n\n\n<figure class=\"wp-block-image size-large coalition-logo\"><a href=\"https:\/\/waseniorlobby.org\/\" target=\"_blank\" rel=\"noreferrer noopener\"><img loading=\"lazy\" decoding=\"async\" width=\"1024\" height=\"576\" src=\"https:\/\/wecareforwacares.org\/wp-content\/uploads\/2023\/05\/WA-State-Senior-Citizens_-Lobby-Logo-1024x576.webp\" alt=\"Logotipo del Washington State Senior Citizens' Lobby. Un rect&#xE1;ngulo de color negro con un dibujo blanco del Capitolio de Washington a la izquierda. A la derecha hay un texto blanco que dice &#x201C;WASHINGTON STATE Senior Citizens' Lobby&#x201D;.\" class=\"wp-image-1334\" srcset=\"https:\/\/wecareforwacares.org\/wp-content\/uploads\/2023\/05\/WA-State-Senior-Citizens_-Lobby-Logo-1024x576.webp 1024w, https:\/\/wecareforwacares.org\/wp-content\/uploads\/2023\/05\/WA-State-Senior-Citizens_-Lobby-Logo-300x169.webp 300w, https:\/\/wecareforwacares.org\/wp-content\/uploads\/2023\/05\/WA-State-Senior-Citizens_-Lobby-Logo-768x432.webp 768w, https:\/\/wecareforwacares.org\/wp-content\/uploads\/2023\/05\/WA-State-Senior-Citizens_-Lobby-Logo-1536x864.webp 1536w, https:\/\/wecareforwacares.org\/wp-content\/uploads\/2023\/05\/WA-State-Senior-Citizens_-Lobby-Logo.webp 2025w\" sizes=\"auto, (max-width: 1024px) 100vw, 1024px\" \/><\/a><\/figure>\n\n\n\n<figure class=\"wp-block-image size-large coalition-logo\"><a href=\"https:\/\/www.psara.org\/\" target=\"_blank\" rel=\"noreferrer noopener\"><img loading=\"lazy\" decoding=\"async\" width=\"1024\" height=\"768\" src=\"https:\/\/wecareforwacares.org\/wp-content\/uploads\/2023\/05\/Puget-sound-advocates-for-retirement-action-logo-1024x768.webp\" alt=\"Logotipo de Puget Sound Advocates for Retirement Action. Una imagen de monta&#xF1;as de color azul oscuro con nieve en la cima y las siluetas de seis personas mir&#xE1;ndolas. Dos de las personas tienen el pu&#xF1;o levantado. A la derecha hay un texto de color gris que dice &#x201C;Puget Sound Advocates for Retirement Action&#x201D;.\" class=\"wp-image-1342\" srcset=\"https:\/\/wecareforwacares.org\/wp-content\/uploads\/2023\/05\/Puget-sound-advocates-for-retirement-action-logo-1024x768.webp 1024w, https:\/\/wecareforwacares.org\/wp-content\/uploads\/2023\/05\/Puget-sound-advocates-for-retirement-action-logo-300x225.webp 300w, https:\/\/wecareforwacares.org\/wp-content\/uploads\/2023\/05\/Puget-sound-advocates-for-retirement-action-logo-768x576.webp 768w, https:\/\/wecareforwacares.org\/wp-content\/uploads\/2023\/05\/Puget-sound-advocates-for-retirement-action-logo.webp 1080w\" sizes=\"auto, (max-width: 1024px) 100vw, 1024px\" \/><\/a><\/figure>\n\n\n\n<figure class=\"wp-block-image size-large coalition-logo\"><a href=\"https:\/\/www.agingwashington.org\/\" target=\"_blank\" rel=\"noreferrer noopener\"><img loading=\"lazy\" decoding=\"async\" width=\"1024\" height=\"576\" src=\"https:\/\/wecareforwacares.org\/wp-content\/uploads\/2023\/05\/W4A-Washington-Association-of-Area-Agencies-on-Aging-1024x576.webp\" alt=\"Logotipo de la Washington Association of Area Agencies on Aging. A la izquierda hay un texto que dice &#x201C;w4a&#x201D; rodeado de cuatro arcos: un arco morado y amarillo boca abajo, y un arco rojo y verde boca arriba. A la derecha hay un texto que dice &#x201C;Washington Association of Area Agencies on Aging&#x201D;\" class=\"wp-image-1344\" srcset=\"https:\/\/wecareforwacares.org\/wp-content\/uploads\/2023\/05\/W4A-Washington-Association-of-Area-Agencies-on-Aging-1024x576.webp 1024w, https:\/\/wecareforwacares.org\/wp-content\/uploads\/2023\/05\/W4A-Washington-Association-of-Area-Agencies-on-Aging-300x169.webp 300w, https:\/\/wecareforwacares.org\/wp-content\/uploads\/2023\/05\/W4A-Washington-Association-of-Area-Agencies-on-Aging-768x432.webp 768w, https:\/\/wecareforwacares.org\/wp-content\/uploads\/2023\/05\/W4A-Washington-Association-of-Area-Agencies-on-Aging-1536x864.webp 1536w, https:\/\/wecareforwacares.org\/wp-content\/uploads\/2023\/05\/W4A-Washington-Association-of-Area-Agencies-on-Aging.webp 2025w\" sizes=\"auto, (max-width: 1024px) 100vw, 1024px\" \/><\/a><\/figure>\n<\/div>\n<\/div>\n<\/div>\n","protected":false},"excerpt":{"rendered":"<p>Comun\u00edquese con We Care For WA Cares We Care for WA Cares es una coalici\u00f3n de organizaciones de cuidado m\u00e9dico y de trabajadores de Washington que apoya a WA Cares. \u00bfTiene alguna pregunta sobre WA Cares o la Coalici\u00f3n We Care for WA Cares? Comun\u00edquese con nosotros a trav\u00e9s del siguiente formulario. Tambi\u00e9n puede enviarnos&hellip;&nbsp;<\/p>\n","protected":false},"author":2,"featured_media":0,"parent":0,"menu_order":0,"comment_status":"closed","ping_status":"closed","template":"","meta":{"inline_featured_image":false,"neve_meta_sidebar":"","neve_meta_container":"","neve_meta_enable_content_width":"","neve_meta_content_width":0,"neve_meta_title_alignment":"","neve_meta_author_avatar":"","neve_post_elements_order":"","neve_meta_disable_header":"","neve_meta_disable_footer":"","neve_meta_disable_title":"","neve_meta_reading_time":"","footnotes":""},"class_list":["post-2893","page","type-page","status-publish","hentry"],"yoast_head":"<!-- This site is optimized with the Yoast SEO plugin v27.5 - https:\/\/yoast.com\/product\/yoast-seo-wordpress\/ -->\n<title>Comun\u00edquese con nosotros | We Care For WA Cares<\/title>\n<meta name=\"description\" content=\"Comun\u00edquese con nosotros para obtener m\u00e1s informaci\u00f3n sobre We Care For WA Cares y la cuidado a largo plazo accesible en Washington. Estamos aqu\u00ed para responder a sus preguntas sobre WA Cares.\" \/>\n<meta name=\"robots\" content=\"index, follow, max-snippet:-1, max-image-preview:large, max-video-preview:-1\" \/>\n<link rel=\"canonical\" href=\"https:\/\/wecareforwacares.org\/es\/contact-us-wa-cares\/\" \/>\n<meta property=\"og:locale\" content=\"es_ES\" \/>\n<meta property=\"og:type\" content=\"article\" \/>\n<meta property=\"og:title\" content=\"Comun\u00edquese con nosotros | We Care For WA Cares\" \/>\n<meta property=\"og:description\" content=\"Comun\u00edquese con nosotros para obtener m\u00e1s informaci\u00f3n sobre We Care For WA Cares y la cuidado a largo plazo accesible en Washington. Estamos aqu\u00ed para responder a sus preguntas sobre WA Cares.\" \/>\n<meta property=\"og:url\" content=\"https:\/\/wecareforwacares.org\/es\/contact-us-wa-cares\/\" \/>\n<meta property=\"og:site_name\" content=\"We Care for WA Cares\" \/>\n<meta property=\"article:publisher\" content=\"https:\/\/www.facebook.com\/WeCareForWACares\" \/>\n<meta property=\"article:modified_time\" content=\"2023-10-03T01:33:12+00:00\" \/>\n<meta property=\"og:image\" content=\"https:\/\/wecareforwacares.org\/wp-content\/uploads\/2023\/05\/Contact-WA-Cares-1024x683.jpeg\" \/>\n<meta name=\"twitter:card\" content=\"summary_large_image\" \/>\n<meta name=\"twitter:title\" content=\"Comun\u00edquese con nosotros\" \/>\n<meta name=\"twitter:description\" content=\"Comun\u00edquese con nosotros para obtener m\u00e1s informaci\u00f3n sobre We Care For WA Cares y la cuidado a largo plazo accesible en Washington. Estamos aqu\u00ed para responder a sus preguntas sobre WA Cares.\" \/>\n<meta name=\"twitter:site\" content=\"@WeCare4WACares\" \/>\n<meta name=\"twitter:label1\" content=\"Tiempo de lectura\" \/>\n\t<meta name=\"twitter:data1\" content=\"4 minutos\" \/>\n<script type=\"application\/ld+json\" class=\"yoast-schema-graph\">{\"@context\":\"https:\\\/\\\/schema.org\",\"@graph\":[{\"@type\":\"WebPage\",\"@id\":\"https:\\\/\\\/wecareforwacares.org\\\/es\\\/contact-us-wa-cares\\\/\",\"url\":\"https:\\\/\\\/wecareforwacares.org\\\/es\\\/contact-us-wa-cares\\\/\",\"name\":\"Comun\u00edquese con nosotros | We Care For WA Cares\",\"isPartOf\":{\"@id\":\"https:\\\/\\\/wecareforwacares.org\\\/#website\"},\"primaryImageOfPage\":{\"@id\":\"https:\\\/\\\/wecareforwacares.org\\\/es\\\/contact-us-wa-cares\\\/#primaryimage\"},\"image\":{\"@id\":\"https:\\\/\\\/wecareforwacares.org\\\/es\\\/contact-us-wa-cares\\\/#primaryimage\"},\"thumbnailUrl\":\"https:\\\/\\\/wecareforwacares.org\\\/wp-content\\\/uploads\\\/2023\\\/05\\\/Contact-WA-Cares-1024x683.jpeg\",\"datePublished\":\"2023-05-03T18:21:33+00:00\",\"dateModified\":\"2023-10-03T01:33:12+00:00\",\"description\":\"Comun\u00edquese con nosotros para obtener m\u00e1s informaci\u00f3n sobre We Care For WA Cares y la cuidado a largo plazo accesible en Washington. Estamos aqu\u00ed para responder a sus preguntas sobre WA Cares.\",\"breadcrumb\":{\"@id\":\"https:\\\/\\\/wecareforwacares.org\\\/es\\\/contact-us-wa-cares\\\/#breadcrumb\"},\"inLanguage\":\"es\",\"potentialAction\":[{\"@type\":\"ReadAction\",\"target\":[\"https:\\\/\\\/wecareforwacares.org\\\/es\\\/contact-us-wa-cares\\\/\"]}]},{\"@type\":\"ImageObject\",\"inLanguage\":\"es\",\"@id\":\"https:\\\/\\\/wecareforwacares.org\\\/es\\\/contact-us-wa-cares\\\/#primaryimage\",\"url\":\"https:\\\/\\\/wecareforwacares.org\\\/wp-content\\\/uploads\\\/2023\\\/05\\\/Contact-WA-Cares-1024x683.jpeg\",\"contentUrl\":\"https:\\\/\\\/wecareforwacares.org\\\/wp-content\\\/uploads\\\/2023\\\/05\\\/Contact-WA-Cares-1024x683.jpeg\"},{\"@type\":\"BreadcrumbList\",\"@id\":\"https:\\\/\\\/wecareforwacares.org\\\/es\\\/contact-us-wa-cares\\\/#breadcrumb\",\"itemListElement\":[{\"@type\":\"ListItem\",\"position\":1,\"name\":\"Home\",\"item\":\"https:\\\/\\\/wecareforwacares.org\\\/\"},{\"@type\":\"ListItem\",\"position\":2,\"name\":\"Comun\u00edquese con nosotros\"}]},{\"@type\":\"WebSite\",\"@id\":\"https:\\\/\\\/wecareforwacares.org\\\/#website\",\"url\":\"https:\\\/\\\/wecareforwacares.org\\\/\",\"name\":\"We Care for WA Cares\",\"description\":\"70% of us will need long-term care\",\"publisher\":{\"@id\":\"https:\\\/\\\/wecareforwacares.org\\\/#organization\"},\"alternateName\":\"We Care for WA Cares\",\"potentialAction\":[{\"@type\":\"SearchAction\",\"target\":{\"@type\":\"EntryPoint\",\"urlTemplate\":\"https:\\\/\\\/wecareforwacares.org\\\/?s={search_term_string}\"},\"query-input\":{\"@type\":\"PropertyValueSpecification\",\"valueRequired\":true,\"valueName\":\"search_term_string\"}}],\"inLanguage\":\"es\"},{\"@type\":\"Organization\",\"@id\":\"https:\\\/\\\/wecareforwacares.org\\\/#organization\",\"name\":\"We Care for WA Caares\",\"alternateName\":\"We Care for WA Caares\",\"url\":\"https:\\\/\\\/wecareforwacares.org\\\/\",\"logo\":{\"@type\":\"ImageObject\",\"inLanguage\":\"es\",\"@id\":\"https:\\\/\\\/wecareforwacares.org\\\/#\\\/schema\\\/logo\\\/image\\\/\",\"url\":\"https:\\\/\\\/wecareforwacares.org\\\/wp-content\\\/uploads\\\/2023\\\/05\\\/we-care-for-wa-cares-logo.jpg\",\"contentUrl\":\"https:\\\/\\\/wecareforwacares.org\\\/wp-content\\\/uploads\\\/2023\\\/05\\\/we-care-for-wa-cares-logo.jpg\",\"width\":700,\"height\":700,\"caption\":\"We Care for WA Caares\"},\"image\":{\"@id\":\"https:\\\/\\\/wecareforwacares.org\\\/#\\\/schema\\\/logo\\\/image\\\/\"},\"sameAs\":[\"https:\\\/\\\/www.facebook.com\\\/WeCareForWACares\",\"https:\\\/\\\/x.com\\\/WeCare4WACares\",\"https:\\\/\\\/www.youtube.com\\\/channel\\\/UCICpxHAJPKocRrFM3WErRXw\",\"https:\\\/\\\/www.instagram.com\\\/wecare4wacares\\\/\"]}]}<\/script>\n<!-- \/ Yoast SEO plugin. -->","yoast_head_json":{"title":"Comun\u00edquese con nosotros | We Care For WA Cares","description":"Comun\u00edquese con nosotros para obtener m\u00e1s informaci\u00f3n sobre We Care For WA Cares y la cuidado a largo plazo accesible en Washington. Estamos aqu\u00ed para responder a sus preguntas sobre WA Cares.","robots":{"index":"index","follow":"follow","max-snippet":"max-snippet:-1","max-image-preview":"max-image-preview:large","max-video-preview":"max-video-preview:-1"},"canonical":"https:\/\/wecareforwacares.org\/es\/contact-us-wa-cares\/","og_locale":"es_ES","og_type":"article","og_title":"Comun\u00edquese con nosotros | We Care For WA Cares","og_description":"Comun\u00edquese con nosotros para obtener m\u00e1s informaci\u00f3n sobre We Care For WA Cares y la cuidado a largo plazo accesible en Washington. Estamos aqu\u00ed para responder a sus preguntas sobre WA Cares.","og_url":"https:\/\/wecareforwacares.org\/es\/contact-us-wa-cares\/","og_site_name":"We Care for WA Cares","article_publisher":"https:\/\/www.facebook.com\/WeCareForWACares","article_modified_time":"2023-10-03T01:33:12+00:00","og_image":[{"url":"https:\/\/wecareforwacares.org\/wp-content\/uploads\/2023\/05\/Contact-WA-Cares-1024x683.jpeg","type":"","width":"","height":""}],"twitter_card":"summary_large_image","twitter_title":"Comun\u00edquese con nosotros","twitter_description":"Comun\u00edquese con nosotros para obtener m\u00e1s informaci\u00f3n sobre We Care For WA Cares y la cuidado a largo plazo accesible en Washington. Estamos aqu\u00ed para responder a sus preguntas sobre WA Cares.","twitter_site":"@WeCare4WACares","twitter_misc":{"Tiempo de lectura":"4 minutos"},"schema":{"@context":"https:\/\/schema.org","@graph":[{"@type":"WebPage","@id":"https:\/\/wecareforwacares.org\/es\/contact-us-wa-cares\/","url":"https:\/\/wecareforwacares.org\/es\/contact-us-wa-cares\/","name":"Comun\u00edquese con nosotros | We Care For WA Cares","isPartOf":{"@id":"https:\/\/wecareforwacares.org\/#website"},"primaryImageOfPage":{"@id":"https:\/\/wecareforwacares.org\/es\/contact-us-wa-cares\/#primaryimage"},"image":{"@id":"https:\/\/wecareforwacares.org\/es\/contact-us-wa-cares\/#primaryimage"},"thumbnailUrl":"https:\/\/wecareforwacares.org\/wp-content\/uploads\/2023\/05\/Contact-WA-Cares-1024x683.jpeg","datePublished":"2023-05-03T18:21:33+00:00","dateModified":"2023-10-03T01:33:12+00:00","description":"Comun\u00edquese con nosotros para obtener m\u00e1s informaci\u00f3n sobre We Care For WA Cares y la cuidado a largo plazo accesible en Washington. Estamos aqu\u00ed para responder a sus preguntas sobre WA Cares.","breadcrumb":{"@id":"https:\/\/wecareforwacares.org\/es\/contact-us-wa-cares\/#breadcrumb"},"inLanguage":"es","potentialAction":[{"@type":"ReadAction","target":["https:\/\/wecareforwacares.org\/es\/contact-us-wa-cares\/"]}]},{"@type":"ImageObject","inLanguage":"es","@id":"https:\/\/wecareforwacares.org\/es\/contact-us-wa-cares\/#primaryimage","url":"https:\/\/wecareforwacares.org\/wp-content\/uploads\/2023\/05\/Contact-WA-Cares-1024x683.jpeg","contentUrl":"https:\/\/wecareforwacares.org\/wp-content\/uploads\/2023\/05\/Contact-WA-Cares-1024x683.jpeg"},{"@type":"BreadcrumbList","@id":"https:\/\/wecareforwacares.org\/es\/contact-us-wa-cares\/#breadcrumb","itemListElement":[{"@type":"ListItem","position":1,"name":"Home","item":"https:\/\/wecareforwacares.org\/"},{"@type":"ListItem","position":2,"name":"Comun\u00edquese con nosotros"}]},{"@type":"WebSite","@id":"https:\/\/wecareforwacares.org\/#website","url":"https:\/\/wecareforwacares.org\/","name":"We Care for WA Cares","description":"70% of us will need long-term care","publisher":{"@id":"https:\/\/wecareforwacares.org\/#organization"},"alternateName":"We Care for WA Cares","potentialAction":[{"@type":"SearchAction","target":{"@type":"EntryPoint","urlTemplate":"https:\/\/wecareforwacares.org\/?s={search_term_string}"},"query-input":{"@type":"PropertyValueSpecification","valueRequired":true,"valueName":"search_term_string"}}],"inLanguage":"es"},{"@type":"Organization","@id":"https:\/\/wecareforwacares.org\/#organization","name":"We Care for WA Caares","alternateName":"We Care for WA Caares","url":"https:\/\/wecareforwacares.org\/","logo":{"@type":"ImageObject","inLanguage":"es","@id":"https:\/\/wecareforwacares.org\/#\/schema\/logo\/image\/","url":"https:\/\/wecareforwacares.org\/wp-content\/uploads\/2023\/05\/we-care-for-wa-cares-logo.jpg","contentUrl":"https:\/\/wecareforwacares.org\/wp-content\/uploads\/2023\/05\/we-care-for-wa-cares-logo.jpg","width":700,"height":700,"caption":"We Care for WA Caares"},"image":{"@id":"https:\/\/wecareforwacares.org\/#\/schema\/logo\/image\/"},"sameAs":["https:\/\/www.facebook.com\/WeCareForWACares","https:\/\/x.com\/WeCare4WACares","https:\/\/www.youtube.com\/channel\/UCICpxHAJPKocRrFM3WErRXw","https:\/\/www.instagram.com\/wecare4wacares\/"]}]}},"_links":{"self":[{"href":"https:\/\/wecareforwacares.org\/es\/wp-json\/wp\/v2\/pages\/2893","targetHints":{"allow":["GET"]}}],"collection":[{"href":"https:\/\/wecareforwacares.org\/es\/wp-json\/wp\/v2\/pages"}],"about":[{"href":"https:\/\/wecareforwacares.org\/es\/wp-json\/wp\/v2\/types\/page"}],"author":[{"embeddable":true,"href":"https:\/\/wecareforwacares.org\/es\/wp-json\/wp\/v2\/users\/2"}],"replies":[{"embeddable":true,"href":"https:\/\/wecareforwacares.org\/es\/wp-json\/wp\/v2\/comments?post=2893"}],"version-history":[{"count":4,"href":"https:\/\/wecareforwacares.org\/es\/wp-json\/wp\/v2\/pages\/2893\/revisions"}],"predecessor-version":[{"id":3324,"href":"https:\/\/wecareforwacares.org\/es\/wp-json\/wp\/v2\/pages\/2893\/revisions\/3324"}],"wp:attachment":[{"href":"https:\/\/wecareforwacares.org\/es\/wp-json\/wp\/v2\/media?parent=2893"}],"curies":[{"name":"wp","href":"https:\/\/api.w.org\/{rel}","templated":true}]}}